{"id":5062,"date":"2021-03-15T12:26:53","date_gmt":"2021-03-15T11:26:53","guid":{"rendered":"https:\/\/eimediacion.edu.es\/?post_type=registro&#038;p=5062"},"modified":"2023-02-16T11:41:33","modified_gmt":"2023-02-16T10:41:33","slug":"islas-canarias","status":"publish","type":"registro","link":"https:\/\/eimediacion.edu.es\/cat\/comunidades-registros\/islas-canarias\/","title":{"rendered":"Registre mediadors Illes Can\u00e0ries"},"content":{"rendered":"<div class=\"gb-container gb-container-fe9f7b9d alignfull\"><div class=\"gb-inside-container\">\n<div class=\"gb-container gb-container-41eb6c06\"><div class=\"gb-inside-container\">\n\n<div style=\"height:45px\" aria-hidden=\"true\" class=\"wp-block-spacer\"><\/div>\n\n\n\n<div class=\"wp-block-columns is-layout-flex wp-container-core-columns-is-layout-9d6595d7 wp-block-columns-is-layout-flex\">\n<div class=\"wp-block-column is-vertically-aligned-center is-layout-flow wp-block-column-is-layout-flow\">\n<h2 class=\"alignwide has-text-align-center alturaLinea has-contrast-color has-text-color wp-block-heading\" style=\"font-size:3em;letter-spacing:-3px;text-transform:none\"><strong>Registre de mediadors\/es de <span style=\"background-image: linear-gradient(61deg,#ffffff,#a92a3d);background-repeat: no-repeat;background-position: 0px bottom;background-size: 100% 7px;border-radius: 17px;\">Illes Can\u00e0ries<\/span><\/strong><\/h2>\n<\/div>\n\n\n\n<div class=\"wp-block-column is-layout-flow wp-block-column-is-layout-flow\"><div class=\"wp-block-image is-style-default\">\n<figure class=\"aligncenter size-large is-resized\"><img loading=\"lazy\" decoding=\"async\" src=\"https:\/\/eimediacion.edu.es\/wp-content\/uploads\/2021\/03\/canarias.png\" alt=\"Canarias\" class=\"wp-image-5066\" width=\"293\" height=\"291\" title=\"\"><\/figure>\n<\/div><\/div>\n<\/div>\n\n<\/div><\/div>\n<\/div><\/div>\n\n<div class=\"gb-container gb-container-94fbb4db\"><div class=\"gb-inside-container\">\n<div class=\"gb-container gb-container-c6f2213c\"><div class=\"gb-inside-container\">\n\n<p class=\"has-text-align-center\">En aquesta secci\u00f3 et facilitarem tota la informaci\u00f3 que necessites per registrar-te com a professional de la mediaci\u00f3 en aquesta comunitat aut\u00f2noma. Aix\u00ed mateix, podr\u00e0s consultar la formaci\u00f3 que necessites per complir requisits i que la nostra Escola posa a la teva disposici\u00f3.<\/p>\n\n<\/div><\/div>\n\n<div class=\"gb-container gb-container-7832b1b1\"><div class=\"gb-inside-container\">\n<div class=\"gb-container gb-container-7e4cb767\"><div class=\"gb-inside-container\">\n\n<h2 class=\"alturaLineaProg has-contrast-color has-text-color wp-block-heading\" id=\"plan-de-estudios\" style=\"font-size:2em;letter-spacing:-3px\"><strong>Formaci\u00f3 <span style=\"background-image: linear-gradient(61deg,#ffffff,#a92a3d);background-repeat: no-repeat;background-position: 0px bottom;background-size: 100% 7px;border-radius: 17px;\">Acad\u00e8mica<\/span><\/strong><\/h2>\n\n<\/div><\/div>\n\n\n<ul class=\"wp-block-list\">\n<li>Disposar d&#039;un t\u00edtol universitari a les carreres de Dret, Psicologia, Treball Social o altres Ci\u00e8ncies Socials.<\/li>\n\n\n\n<li>Si no es disposa de formaci\u00f3 en dret s&#039;haur\u00e0 de comptar amb assessorament legal a l&#039;exercici de les seves funcions.<\/li>\n\n\n\n<li>Estar inscrit als seus respectius col\u00b7legis professionals.<\/li>\n<\/ul>\n\n\n<div class=\"gb-container gb-container-a84e7af4\"><div class=\"gb-inside-container\">\n\n<h2 class=\"alturaLineaProg has-contrast-color has-text-color wp-block-heading\" id=\"plan-de-estudios\" style=\"font-size:2em;letter-spacing:-3px\"><strong>Formaci\u00f3 <span style=\"background-image: linear-gradient(61deg,#ffffff,#a92a3d);background-repeat: no-repeat;background-position: 0px bottom;background-size: 100% 7px;border-radius: 17px;\">espec\u00edfica<\/span><\/strong><\/h2>\n\n<\/div><\/div>\n\n\n<ul class=\"wp-block-list\">\n<li class=\"enlace\">Formaci\u00f3 espec\u00edfica de postgrau en Mediaci\u00f3 Familiar. Aquesta haur\u00e0 de tenir una durada m\u00ednima de 200 hores lectives i incloure-hi un programa de pr\u00e0ctiques. <a href=\"https:\/\/eimediacion.edu.es\/cat\/curso\/curso-mediacion-especialista-300h\/\" class=\"rank-math-link\">El nostre curs d&#039;especialista us servir\u00e0 a aquest efecte.<\/a><\/li>\n\n\n\n<li>La formaci\u00f3 haur\u00e0 de reunir contingut a les \u00e0rees de: Dret de fam\u00edlia; Sociologia; Psicologia i Pedagogia. Aix\u00ed mateix, haur\u00e0 d&#039;estar incl\u00f2s temari relatiu a m\u00e8todes i t\u00e8cniques de resoluci\u00f3 de conflictes; i principis i metodologia de la Mediaci\u00f3 Familiar.<\/li>\n\n\n\n<li>Aquesta formaci\u00f3 l&#039;ha d&#039;impartir Col\u00b7legis Professionals, Universitats o Centres de Formaci\u00f3 Superior autoritzats a aquest efecte per la Conselleria competent en mat\u00e8ria d&#039;educaci\u00f3. Si es fa en una altra entitat educativa diferent, haur\u00e0 de comptar amb un informe favorable de l\u00f2rgan competent de la Conselleria de Can\u00e0ries.<\/li>\n<\/ul>\n\n\n<div class=\"gb-container gb-container-1503ae50\"><div class=\"gb-inside-container\">\n\n<h2 class=\"alturaLineaProg has-contrast-color has-text-color wp-block-heading\" id=\"plan-de-estudios\" style=\"font-size:2em;letter-spacing:-3px\"><strong>Formaci\u00f3 <span style=\"background-image: linear-gradient(61deg,#ffffff,#a92a3d);background-repeat: no-repeat;background-position: 0px bottom;background-size: 100% 7px;border-radius: 17px;\">continua<\/span><\/strong><\/h2>\n\n<\/div><\/div>\n\n\n<ul class=\"wp-block-list\">\n<li>Haur\u00e0s d&#039;acreditar 20 hores de formaci\u00f3 cada 5 anys.<\/li>\n<\/ul>\n\n\n\n<p class=\"enlace\">L&#039;Escola Internacional de Mediaci\u00f3 tamb\u00e9 disposa de formaci\u00f3 continuada. Podr\u00e0s triar fins a 17 especialitats. Accedeix fent click <a href=\"https:\/\/eimediacion.edu.es\/cat\/programas\/\" class=\"rank-math-link\">aqu\u00ed.<\/a><\/p>\n\n\n<div class=\"gb-container gb-container-d7792342\"><div class=\"gb-inside-container\">\n\n<h2 class=\"alturaLineaProg has-contrast-color has-text-color wp-block-heading\" id=\"plan-de-estudios\" style=\"font-size:2em;letter-spacing:-3px\"><strong>Sol\u00b7licitud<\/strong><\/h2>\n\n<\/div><\/div>\n\n\n<h3 class=\"has-contrast-color has-text-color wp-block-heading\">Sol\u00b7licitud d&#039;inscripci\u00f3<\/h3>\n\n\n\n<p>Per inscriure&#039;t al Registre de Mediadors Familiars haur\u00e0s de&nbsp;<strong>emplenar la seg\u00fcent sol\u00b7licitud,<\/strong>&nbsp;per despr\u00e9s presentar-la amb la documentaci\u00f3 requerida.<\/p>\n\n\n\n<ul class=\"wp-block-list\">\n<li class=\"enlace\"><a href=\"https:\/\/www.gobiernodecanarias.org\/dgjusticia\/mediacionfamiliar\/SolRegMedFam.jsp\" class=\"rank-math-link\" rel=\"nofollow noopener\" target=\"_blank\">Sol\u00b7licitud d&#039;inscripci\u00f3 al Registre de Mediadors Familiars de Can\u00e0ries<\/a><\/li>\n<\/ul>\n\n\n\n<h3 class=\"has-contrast-color has-text-color wp-block-heading\">Documentaci\u00f3 requerida<\/h3>\n\n\n\n<p>La documentaci\u00f3 requerida per a la inscripci\u00f3 al Registre de Mediadors Familiars de Can\u00e0ries, tant de forma presencial com per via telem\u00e0tica, \u00e9s la seg\u00fcent:<\/p>\n\n\n\n<ul class=\"wp-block-list\">\n<li><strong>Sol\u00b7licitud d&#039;alta<\/strong>&nbsp;<strong>al registre de mediadors<\/strong><\/li>\n\n\n\n<li><strong>Documentaci\u00f3 acreditativa de la identitat<\/strong>&nbsp;(DNI, NIE o passaport)<\/li>\n\n\n\n<li><strong>T\u00edtol oficial d&#039;estudis<\/strong><\/li>\n\n\n\n<li><strong>Certificat de col\u00b7legiaci\u00f3<\/strong><\/li>\n<\/ul>\n\n\n\n<h3 class=\"has-contrast-color has-text-color wp-block-heading\">Procediment a seguir a la inscripci\u00f3<\/h3>\n\n\n\n<p>Haureu d&#039;emplenar la sol\u00b7licitud d&#039;inscripci\u00f3 present a l&#039;apartat anterior. Podr\u00e0s presentar-la:<\/p>\n\n\n\n<ul class=\"wp-block-list\">\n<li class=\"enlace\"><strong>De forma telem\u00e0tica:&nbsp;<\/strong>A trav\u00e9s de la&nbsp;<strong><span style=\"color:#952337\" class=\"has-inline-color\"><a href=\"https:\/\/sede.gobcan.es\/sede\/procedimientos_servicios\/tramites\" class=\"rank-math-link\" rel=\"nofollow noopener\" target=\"_blank\">p\u00e0gina web del Govern de Can\u00e0ries<\/a>.<\/span>&nbsp;<\/strong><\/li>\n\n\n\n<li><strong>De forma presencial:&nbsp;<\/strong>Podr\u00e0s presentar la sol\u00b7licitud a la Direcci\u00f3 General de Relacions Amb l&#039;Administraci\u00f3 de Just\u00edcia Govern de Can\u00e0ries. Tamb\u00e9 ser\u00e0 possible proporcionar-la a:<\/li>\n\n\n\n<li><strong>Als registres dels \u00f2rgans administratius<\/strong>&nbsp;als que es dirigeixin.<\/li>\n\n\n\n<li>Als registres de qualsevol \u00f2rgan administratiu, que pertanyi a la&nbsp;<strong>Administraci\u00f3 General de l&#039;Estat<\/strong>, a la de qualsevol&nbsp;<strong>Administraci\u00f3 de les comunitats aut\u00f2nomes<\/strong>, a la de qualsevol Administraci\u00f3 de les D<strong>iputacions provincials, cabildos i consells insulars<\/strong>, als&nbsp;<strong>Ajuntaments dels Municipis<\/strong>&nbsp;a qu\u00e8 fa refer\u00e8ncia l&#039;article 121 de la Llei 7\/1985, de 2 d&#039;abril, reguladora de les Bases del R\u00e8gim Local, oa la de la resta de les entitats que integren la&nbsp;<strong>Administraci\u00f3 Local<\/strong>&nbsp;si, en aquest darrer cas, s&#039;ha subscrit el conveni oport\u00fa.<\/li>\n\n\n\n<li><strong>A les oficines de Correus<\/strong>, en la forma que s&#039;estableixi per reglament.<\/li>\n\n\n\n<li>A les r<strong>epresentacions diplom\u00e0tiques o oficines consulars<\/strong>&nbsp;<strong>d&#039;Espanya<\/strong>&nbsp;a l&#039;estranger.<\/li>\n\n\n\n<li><strong>A qualsevol altre<\/strong>&nbsp;que estableixin les disposicions vigents.<\/li>\n<\/ul>\n\n<\/div><\/div>\n<\/div><\/div>","protected":false},"excerpt":{"rendered":"<p>Registre de mediadors\/es d&#039;Illes Can\u00e0ries En aquesta secci\u00f3 et facilitarem tota la informaci\u00f3 que necessites per registrar-te com a professional de la mediaci\u00f3 en aquesta Comunitat Aut\u00f2noma. Aix\u00ed mateix, podr\u00e0s consultar la formaci\u00f3 que necessites per complir requisits i que la nostra Escola posa a la teva disposici\u00f3. Formaci\u00f3 Acad\u00e8mica Formaci\u00f3 espec\u00edfica \u2026 <a title=\"Registre mediadors Illes Can\u00e0ries\" class=\"read-more\" href=\"https:\/\/eimediacion.edu.es\/cat\/comunidades-registros\/islas-canarias\/\" aria-label=\"M\u00e9s informaci\u00f3 sobre Registre mediadors Illes Can\u00e0ries\">Llegir m\u00e9s<\/a><\/p>","protected":false},"featured_media":1094,"template":"","class_list":["post-5062","registro","type-registro","status-publish","has-post-thumbnail","hentry"],"_links":{"self":[{"href":"https:\/\/eimediacion.edu.es\/cat\/wp-json\/wp\/v2\/registro\/5062","targetHints":{"allow":["GET"]}}],"collection":[{"href":"https:\/\/eimediacion.edu.es\/cat\/wp-json\/wp\/v2\/registro"}],"about":[{"href":"https:\/\/eimediacion.edu.es\/cat\/wp-json\/wp\/v2\/types\/registro"}],"version-history":[{"count":0,"href":"https:\/\/eimediacion.edu.es\/cat\/wp-json\/wp\/v2\/registro\/5062\/revisions"}],"wp:featuredmedia":[{"embeddable":true,"href":"https:\/\/eimediacion.edu.es\/cat\/wp-json\/wp\/v2\/media\/1094"}],"wp:attachment":[{"href":"https:\/\/eimediacion.edu.es\/cat\/wp-json\/wp\/v2\/media?parent=5062"}],"curies":[{"name":"wp","href":"https:\/\/api.w.org\/{rel}","templated":true}]}}