{"id":5021,"date":"2021-03-15T12:07:56","date_gmt":"2021-03-15T11:07:56","guid":{"rendered":"https:\/\/eimediacion.edu.es\/?post_type=registro&#038;p=5021"},"modified":"2025-06-17T12:19:16","modified_gmt":"2025-06-17T10:19:16","slug":"valencia","status":"publish","type":"registro","link":"https:\/\/eimediacion.edu.es\/cat\/comunidades-registros\/valencia\/","title":{"rendered":"Registre Mediadors Comunitat Valenciana"},"content":{"rendered":"<div class=\"gb-container gb-container-fe9f7b9d alignfull\"><div class=\"gb-inside-container\">\n<div class=\"gb-container gb-container-41eb6c06\"><div class=\"gb-inside-container\">\n\n<div style=\"height:45px\" aria-hidden=\"true\" class=\"wp-block-spacer\"><\/div>\n\n\n\n<div class=\"wp-block-columns is-layout-flex wp-container-core-columns-is-layout-9d6595d7 wp-block-columns-is-layout-flex\">\n<div class=\"wp-block-column is-vertically-aligned-center is-layout-flow wp-block-column-is-layout-flow\">\n<h2 class=\"wp-block-heading has-text-align-center alturaLinea has-contrast-color has-text-color\" style=\"font-size:3em;letter-spacing:-3px;text-transform:none\"><strong>Registre de mediadors\/es de la <span style=\"background-image: linear-gradient(61deg,#ffffff,#a92a3d);background-repeat: no-repeat;background-position: 0px bottom;background-size: 100% 7px;border-radius: 17px;\">Comunitat Valenciana<\/span><\/strong><\/h2>\n<\/div>\n\n\n\n<div class=\"wp-block-column is-layout-flow wp-block-column-is-layout-flow\"><div class=\"wp-block-image is-style-default\">\n<figure class=\"aligncenter size-large is-resized\"><img loading=\"lazy\" decoding=\"async\" width=\"600\" height=\"375\" src=\"https:\/\/eimediacion.edu.es\/wp-content\/uploads\/2021\/03\/valencia.png\" alt=\"registro mediadores comunidad valenciana\" class=\"wp-image-5023\" style=\"width:293px;height:291px\" title=\"\" srcset=\"https:\/\/eimediacion.edu.es\/wp-content\/uploads\/2021\/03\/valencia.png 600w, https:\/\/eimediacion.edu.es\/wp-content\/uploads\/2021\/03\/valencia-278x174.png 278w\" sizes=\"auto, (max-width: 600px) 100vw, 600px\" \/><\/figure>\n<\/div><\/div>\n<\/div>\n\n<\/div><\/div>\n<\/div><\/div>\n\n<div class=\"gb-container gb-container-94fbb4db\"><div class=\"gb-inside-container\">\n<div class=\"gb-container gb-container-c6f2213c\"><div class=\"gb-inside-container\">\n\n<p>En aquesta secci\u00f3 et facilitarem tota la informaci\u00f3 que necessites per registrar-te al Registre Mediadors Comunitat Valenciana. Aix\u00ed mateix, podr\u00e0s consultar la formaci\u00f3 que necessites per complir requisits i que la nostra Escola posa a la teva disposici\u00f3.<\/p>\n\n<\/div><\/div>\n\n<div class=\"gb-container gb-container-7832b1b1\"><div class=\"gb-inside-container\">\n<div class=\"gb-container gb-container-7e4cb767\"><div class=\"gb-inside-container\">\n\n<h2 class=\"wp-block-heading alturaLineaProg has-contrast-color has-text-color\" id=\"plan-de-estudios\" style=\"font-size:2em;letter-spacing:-3px\"><strong>Formaci\u00f3 <span style=\"background-image: linear-gradient(61deg,#ffffff,#a92a3d);background-repeat: no-repeat;background-position: 0px bottom;background-size: 100% 7px;border-radius: 17px;\">Acad\u00e8mica<\/span><\/strong><\/h2>\n\n<\/div><\/div>\n\n\n<ul class=\"wp-block-list\">\n<li>Disposar d\u201fun t\u00edtol universitari o de cicle formatiu de grau superior.<\/li>\n<\/ul>\n\n\n<div class=\"gb-container gb-container-2698a540\"><div class=\"gb-inside-container\">\n\n<h2 class=\"wp-block-heading alturaLineaProg has-contrast-color has-text-color\" id=\"plan-de-estudios\" style=\"font-size:2em;letter-spacing:-3px\"><strong>Formaci\u00f3 <span style=\"background-image: linear-gradient(61deg,#ffffff,#a92a3d);background-repeat: no-repeat;background-position: 0px bottom;background-size: 100% 7px;border-radius: 17px;\">espec\u00edfica<\/span><\/strong><\/h2>\n\n<\/div><\/div>\n\n\n<ul class=\"wp-block-list\">\n<li class=\"enlace\">Formaci\u00f3 de&nbsp;<strong>380 hores<\/strong>&nbsp;en mediaci\u00f3. D&#039;ella, un&nbsp;<strong>35%<\/strong>&nbsp;ha de ser pr\u00e0ctica.&nbsp;<span style=\"color:#952337\" class=\"has-inline-color\"><a href=\"https:\/\/eimediacion.edu.es\/cat\/programas\/curso-mediacion-especialista-380h\/\">El nostre curs d&#039;especialista us servir\u00e0 a aquest efecte.<\/a><\/span><\/li>\n<\/ul>\n\n\n<div class=\"gb-container gb-container-347034bb\"><div class=\"gb-inside-container\">\n\n<h2 class=\"wp-block-heading alturaLineaProg has-contrast-color has-text-color\" id=\"plan-de-estudios\" style=\"font-size:2em;letter-spacing:-3px\"><strong>Formaci\u00f3 <span style=\"background-image: linear-gradient(61deg,#ffffff,#a92a3d);background-repeat: no-repeat;background-position: 0px bottom;background-size: 100% 7px;border-radius: 17px;\">continua<\/span><\/strong><\/h2>\n\n<\/div><\/div>\n\n\n<ul class=\"wp-block-list\">\n<li>Haur\u00e0s d&#039;acreditar 20 hores de formaci\u00f3 cada 5 anys.<\/li>\n<\/ul>\n\n\n\n<p class=\"enlace\">L&#039;Escola Internacional de Mediaci\u00f3 tamb\u00e9 disposa de formaci\u00f3 continuada. Podr\u00e0s triar fins a 17 especialitats. Accedeix fent click&nbsp;<span style=\"color:#952337\" class=\"has-inline-color\"><a href=\"https:\/\/eimediacion.edu.es\/cat\/programas\/\" class=\"rank-math-link\">aqu\u00ed.<\/a><\/span><\/p>\n\n\n<div class=\"gb-container gb-container-3cb4ae9c\"><div class=\"gb-inside-container\">\n\n<h2 class=\"wp-block-heading alturaLineaProg has-contrast-color has-text-color\" id=\"plan-de-estudios\" style=\"font-size:2em;letter-spacing:-3px\"><strong>Sol\u00b7licitud<\/strong><\/h2>\n\n<\/div><\/div>\n\n\n<h3 class=\"gb-headline gb-headline-5c234265 gb-headline-text\">Sol\u00b7licituds d&#039;inscripci\u00f3<\/h3>\n\n\n\n<p>Val\u00e8ncia no disposa d&#039;un registre de mediadors propi. Es regeix pel\u00a0<strong>Registre de Mediadors i Institucions de Mediaci\u00f3 del Ministeri de Just\u00edcia dEspanya.<\/strong>\u00a0Per fer el tr\u00e0mit, haur\u00e0s d&#039;accedir al:<\/p>\n\n\n\n<ul class=\"wp-block-list\">\n<li class=\"enlace\"><strong><a href=\"https:\/\/www.mjusticia.gob.es\/es\/ciudadanos\/tramites\/registro-mediadores\" target=\"_blank\" rel=\"noreferrer noopener nofollow\">Registre de Mediadors i Institucions de Mediaci\u00f3 del Ministeri de Just\u00edcia<\/a><\/strong><\/li>\n<\/ul>\n\n\n\n<h3 class=\"wp-block-heading has-contrast-color has-text-color\">Documentaci\u00f3 requerida<\/h3>\n\n\n\n<p>La documentaci\u00f3 requerida per a la inscripci\u00f3 al Registre de Mediadors Familiars de la Comunitat Valenciana \u00e9s la seg\u00fcent:<\/p>\n\n\n\n<ul class=\"wp-block-list\">\n<li><strong>Domicili on s&#039;exercir\u00e0 la mediaci\u00f3<\/strong>, o&nbsp;<strong>declaraci\u00f3 responsable<\/strong>, indicant que nom\u00e9s se sol\u00b7licita la inscripci\u00f3 al registre, sense que es prevegi exercir la mediaci\u00f3 familiar.<\/li>\n\n\n\n<li>Potestativament,&nbsp;<strong>declaraci\u00f3 responsable<\/strong>&nbsp;acceptant la&nbsp;<strong>remissi\u00f3 de casos de Mediaci\u00f3 Familiar gratu\u00efta&nbsp;<\/strong>pel Centre de Mediaci\u00f3 Familiar de la Comunitat Valenciana.<\/li>\n\n\n\n<li><strong>DNI\/CIF, passaport o targeta didentitat destranger<\/strong>&nbsp;expedida per la comissaria de policia o oficina destrangeria, si \u00e9s el cas.<\/li>\n\n\n\n<li><strong>Acreditaci\u00f3 de requisits de titulaci\u00f3 i formaci\u00f3<\/strong>: t\u00edtol universitari i formaci\u00f3 espec\u00edfica en Mediaci\u00f3 Familiar.<\/li>\n\n\n\n<li><strong>Si hi ha obligaci\u00f3 de col\u00b7legiaci\u00f3:<\/strong>&nbsp;document em\u00e8s pel col\u00b7legi professional indicant que no existeix impediment per a la inscripci\u00f3 al registre.<\/li>\n\n\n\n<li><strong>Si no hi ha obligaci\u00f3 de col\u00b7legiaci\u00f3:<\/strong>&nbsp;declaraci\u00f3 responsable indicant que no hi ha impediment per a la inscripci\u00f3 al registre.<\/li>\n<\/ul>\n\n\n\n<h3 class=\"wp-block-heading has-contrast-color has-text-color\">Procediment a seguir a la inscripci\u00f3<\/h3>\n\n\n\n<p>Haureu d&#039;emplenar la sol\u00b7licitud d&#039;inscripci\u00f3 present a l&#039;apartat anterior. Podr\u00e0s presentar-la:<\/p>\n\n\n\n<ul class=\"wp-block-list\">\n<li class=\"enlace\"><strong>De forma telem\u00e0tica:&nbsp;<\/strong>A trav\u00e9s de la<strong><a href=\"https:\/\/www.gva.es\/es\/inicio\/procedimientos?id_proc=3257&amp;version=amp\" class=\"rank-math-link\" rel=\"nofollow noopener\" target=\"_blank\"> p\u00e0gina web de la Comunitat Val\u00e8ncia<\/a>.<\/strong> Haur\u00e0s de seguir els passos seg\u00fcents: <\/li>\n<\/ul>\n\n\n\n<ol class=\"wp-block-list\">\n<li>Fer clic a la icona superior \u201cTramitar amb certificat\u201d (per aix\u00f2 has de disposar de&nbsp;<strong>certificat electr\u00f2nic<\/strong>&nbsp;reconegut per l&#039;ACCV o el DNI electr\u00f2nic).<\/li>\n\n\n\n<li>Completar el formulari de dades generals: el camp \u201cServei Territorial\u201d \u00e9s obligatori, i haur\u00e0s d&#039;escollir entre (Serveis centrals, Alacant, Castell\u00f3 i Val\u00e8ncia); el camp \u201cMateria\u201d \u00e9s opcional, i s&#039;hi indica la tem\u00e0tica de la sol\u00b7licitud; i el camp \u201cExposici\u00f3\u201d, tamb\u00e9 opcional.<\/li>\n\n\n\n<li>Despr\u00e9s, seleccioneu la inst\u00e0ncia i feu clic a \u201cEnvia\u201d.<\/li>\n\n\n\n<li>Per a Documentar la tramitaci\u00f3, des de l&#039;apartat \u201cAltres documents\u201d, podreu annexar a m\u00e9s els documents exigits. A l&#039;apartat \u201cPagar\u201d no haur\u00e0s de dur a terme cap acci\u00f3, ja que \u00e9s gratu\u00eft.<\/li>\n\n\n\n<li>L&#039;\u00faltim pas ser\u00e0 fer clic sobre: \u201cInicia la sol\u00b7licitud\u201d.<\/li>\n<\/ol>\n\n\n\n<ul class=\"wp-block-list\">\n<li><strong>De forma presencial:&nbsp;<\/strong>Podr\u00e0s presentar la sol\u00b7licitud:\n<ul class=\"wp-block-list\">\n<li><strong>Als registres dels \u00f2rgans administratius<\/strong>&nbsp;als que es dirigeixin.<\/li>\n\n\n\n<li>Als registres de qualsevol \u00f2rgan administratiu, que pertanyi a la&nbsp;<strong>Administraci\u00f3 General de l&#039;Estat<\/strong>, a la de qualsevol&nbsp;<strong>Administraci\u00f3 de les comunitats aut\u00f2nomes<\/strong>, a la de qualsevol Administraci\u00f3 de les&nbsp;<strong>Diputacions Provincials, Cabildos i Consells Insulars<\/strong>, als&nbsp;<strong>Ajuntaments dels Municipis<\/strong>&nbsp;a qu\u00e8 fa refer\u00e8ncia l&#039;article 121 de la Llei 7\/1985, de 2 d&#039;abril, reguladora de les Bases del R\u00e8gim Local, oa la de la resta de les entitats que integren la&nbsp;<strong>Administraci\u00f3 Local<\/strong>&nbsp;si, en aquest darrer cas, s&#039;ha subscrit el conveni oport\u00fa.<\/li>\n\n\n\n<li><strong>A les oficines de Correus<\/strong>, en la forma que s&#039;estableixi per reglament.<\/li>\n\n\n\n<li>A les r<strong>epresentacions diplom\u00e0tiques o oficines consulars<\/strong>&nbsp;<strong>d&#039;Espanya<\/strong>&nbsp;a l&#039;estranger.<\/li>\n\n\n\n<li><strong>A qualsevol altre<\/strong>&nbsp;que estableixin les disposicions vigents.<\/li>\n<\/ul>\n<\/li>\n<\/ul>\n\n<\/div><\/div>\n<\/div><\/div>\n\n\n<p><\/p>","protected":false},"excerpt":{"rendered":"<p>Registre de mediadors\/es de la Comunitat Valenciana En aquesta secci\u00f3 et facilitarem tota la informaci\u00f3 que necessites per registrar-te al Registre Mediadors Comunitat Valenciana. Aix\u00ed mateix, podr\u00e0s consultar la formaci\u00f3 que necessites per complir requisits i que la nostra Escola posa a la teva disposici\u00f3. Formaci\u00f3 Acad\u00e8mica Formaci\u00f3 espec\u00edfica Formaci\u00f3 cont\u00ednua \u2026 <a title=\"Registre Mediadors Comunitat Valenciana\" class=\"read-more\" href=\"https:\/\/eimediacion.edu.es\/cat\/comunidades-registros\/valencia\/\" aria-label=\"M\u00e9s informaci\u00f3 sobre Registre Mediadors Comunitat Valenciana\">Llegir m\u00e9s<\/a><\/p>","protected":false},"featured_media":1088,"template":"","class_list":["post-5021","registro","type-registro","status-publish","has-post-thumbnail","hentry"],"_links":{"self":[{"href":"https:\/\/eimediacion.edu.es\/cat\/wp-json\/wp\/v2\/registro\/5021","targetHints":{"allow":["GET"]}}],"collection":[{"href":"https:\/\/eimediacion.edu.es\/cat\/wp-json\/wp\/v2\/registro"}],"about":[{"href":"https:\/\/eimediacion.edu.es\/cat\/wp-json\/wp\/v2\/types\/registro"}],"version-history":[{"count":3,"href":"https:\/\/eimediacion.edu.es\/cat\/wp-json\/wp\/v2\/registro\/5021\/revisions"}],"predecessor-version":[{"id":45026,"href":"https:\/\/eimediacion.edu.es\/cat\/wp-json\/wp\/v2\/registro\/5021\/revisions\/45026"}],"wp:featuredmedia":[{"embeddable":true,"href":"https:\/\/eimediacion.edu.es\/cat\/wp-json\/wp\/v2\/media\/1088"}],"wp:attachment":[{"href":"https:\/\/eimediacion.edu.es\/cat\/wp-json\/wp\/v2\/media?parent=5021"}],"curies":[{"name":"wp","href":"https:\/\/api.w.org\/{rel}","templated":true}]}}