{"id":4989,"date":"2021-03-15T11:41:04","date_gmt":"2021-03-15T10:41:04","guid":{"rendered":"https:\/\/eimediacion.edu.es\/?post_type=registro&#038;p=4989"},"modified":"2023-02-16T11:40:13","modified_gmt":"2023-02-16T10:40:13","slug":"catalunya","status":"publish","type":"registro","link":"https:\/\/eimediacion.edu.es\/cat\/comunidades-registros\/catalunya\/","title":{"rendered":"Registre mediadors Catalunya"},"content":{"rendered":"<div class=\"gb-container gb-container-fe9f7b9d alignfull\"><div class=\"gb-inside-container\">\n<div class=\"gb-container gb-container-41eb6c06\"><div class=\"gb-inside-container\">\n\n<div style=\"height:45px\" aria-hidden=\"true\" class=\"wp-block-spacer\"><\/div>\n\n\n\n<div class=\"wp-block-columns is-layout-flex wp-container-core-columns-is-layout-9d6595d7 wp-block-columns-is-layout-flex\">\n<div class=\"wp-block-column is-vertically-aligned-center is-layout-flow wp-block-column-is-layout-flow\">\n<h2 class=\"has-text-align-center alturaLinea has-contrast-color has-text-color wp-block-heading\" style=\"font-size:3em;letter-spacing:-3px;text-transform:none\"><strong>Registre de mediadors\/es de <span style=\"background-image: linear-gradient(61deg,#ffffff,#a92a3d);background-repeat: no-repeat;background-position: 0px bottom;background-size: 100% 7px;border-radius: 17px;\">Catalunya<\/span><\/strong><\/h2>\n<\/div>\n\n\n\n<div class=\"wp-block-column is-layout-flow wp-block-column-is-layout-flow\"><div class=\"wp-block-image is-style-default\">\n<figure class=\"aligncenter size-large is-resized\"><img loading=\"lazy\" decoding=\"async\" src=\"https:\/\/eimediacion.edu.es\/wp-content\/uploads\/2021\/03\/cataluna.png\" alt=\"Catalun\u0303a\" class=\"wp-image-4990\" width=\"293\" height=\"291\" title=\"\"><\/figure>\n<\/div><\/div>\n<\/div>\n\n<\/div><\/div>\n<\/div><\/div>\n\n<div class=\"gb-container gb-container-94fbb4db\"><div class=\"gb-inside-container\">\n<div class=\"gb-container gb-container-c6f2213c\"><div class=\"gb-inside-container\">\n\n<p class=\"has-text-align-center\">En aquesta secci\u00f3 et facilitarem tota la informaci\u00f3 que necessites per registrar-te com a professional de la mediaci\u00f3 en aquesta comunitat aut\u00f2noma. Aix\u00ed mateix, podr\u00e0s consultar la formaci\u00f3 que necessites per complir requisits i que la nostra Escola posa a la teva disposici\u00f3.<\/p>\n\n<\/div><\/div>\n\n<div class=\"gb-container gb-container-7832b1b1\"><div class=\"gb-inside-container\">\n<div class=\"gb-container gb-container-7e4cb767\"><div class=\"gb-inside-container\">\n\n<h2 class=\"alturaLineaProg has-contrast-color has-text-color wp-block-heading\" id=\"plan-de-estudios\" style=\"font-size:2em;letter-spacing:-3px\"><strong>Formaci\u00f3 <span style=\"background-image: linear-gradient(61deg,#ffffff,#a92a3d);background-repeat: no-repeat;background-position: 0px bottom;background-size: 100% 7px;border-radius: 17px;\">Acad\u00e8mica<\/span><\/strong><\/h2>\n\n\n\n<ul class=\"wp-block-list\">\n<li>Disposeu d&#039;un t\u00edtol universitari.<\/li>\n\n\n\n<li>Caldr\u00e0 estar&nbsp;<strong>col\u00b7legiat\/da al seu col\u00b7legi professional<\/strong>; o&nbsp;<strong>pert\u00e0nyer a una associaci\u00f3 professional<\/strong>&nbsp;de l&#039;\u00e0mbit de la mediaci\u00f3 degudament acreditada; o b\u00e9 ser&nbsp;<strong>mediador o mediadora per a lAdministraci\u00f3.<\/strong><\/li>\n<\/ul>\n\n<\/div><\/div>\n\n<div class=\"gb-container gb-container-f7608c2a\"><div class=\"gb-inside-container\">\n\n<h2 class=\"alturaLineaProg has-contrast-color has-text-color wp-block-heading\" id=\"plan-de-estudios\" style=\"font-size:2em;letter-spacing:-3px\"><strong>Formaci\u00f3 <span style=\"background-image: linear-gradient(61deg,#ffffff,#a92a3d);background-repeat: no-repeat;background-position: 0px bottom;background-size: 100% 7px;border-radius: 17px;\">espec\u00edfica<\/span><\/strong><\/h2>\n\n<\/div><\/div>\n\n\n<ul class=\"wp-block-list\">\n<li>Caldr\u00e0 acreditar una formaci\u00f3 espec\u00edfica en mediaci\u00f3 impartida per centres docents universitaris, pels col\u00b7legis professionals o per altres corporacions de dret p\u00fablic. En aquesta formaci\u00f3 caldr\u00e0 cursar una part general i, almenys, una de les diferents especialitzacions de la professi\u00f3.<\/li>\n\n\n\n<li>La formaci\u00f3 general, abans referenciada, haur\u00e0 de tenir una durada m\u00ednima de&nbsp;<strong>110 hores lectives<\/strong>, incloses les 30 hores de pr\u00e0ctiques.<\/li>\n\n\n\n<li>La formaci\u00f3 espec\u00edfica en l&#039;\u00e0mbit familiar i altres \u00e0mbits del dret privat tindr\u00e0 una durada m\u00ednima de&nbsp;<strong>60 hores lectives<\/strong>, incloses les 30 hores de pr\u00e0ctiques integrades.<\/li>\n<\/ul>\n\n\n\n<p class=\"enlace\">El nostre&nbsp;<strong><span style=\"color:#952337\" class=\"has-inline-color\"><a href=\"https:\/\/eimediacion.edu.es\/cat\/curso\/curs-universitari-mediacio\/\" class=\"rank-math-link\">Curs Universitari d&#039;Especialitzaci\u00f3 en Mediaci\u00f3 Civil, Mercantil i Familiar<\/a> et servir\u00e0 a tal prop\u00f2sit<\/span><\/strong><\/p>\n\n\n<div class=\"gb-container gb-container-4357cb04\"><div class=\"gb-inside-container\">\n\n<h2 class=\"alturaLineaProg has-contrast-color has-text-color wp-block-heading\" id=\"plan-de-estudios\" style=\"font-size:2em;letter-spacing:-3px\"><strong>Formaci\u00f3 <span style=\"background-image: linear-gradient(61deg,#ffffff,#a92a3d);background-repeat: no-repeat;background-position: 0px bottom;background-size: 100% 7px;border-radius: 17px;\">continua<\/span><\/strong><\/h2>\n\n<\/div><\/div>\n\n\n<ul class=\"wp-block-list\">\n<li>Haur\u00e0s d&#039;acreditar 40 hores de formaci\u00f3 cada 2 anys.<\/li>\n<\/ul>\n\n\n\n<p class=\"enlace\">L&#039;Escola Internacional de Mediaci\u00f3 tamb\u00e9 disposa de formaci\u00f3 continuada. Podr\u00e0s triar fins a 17 especialitats. Accedeix fent click&nbsp;<strong><span style=\"color:#952337\" class=\"has-inline-color\"><a href=\"https:\/\/eimediacion.edu.es\/cat\/programas\/\" class=\"rank-math-link\">aqu\u00ed.<\/a><\/span><\/strong><\/p>\n\n\n<div class=\"gb-container gb-container-487a92ba\"><div class=\"gb-inside-container\">\n\n<h2 class=\"alturaLineaProg has-contrast-color has-text-color wp-block-heading\" id=\"plan-de-estudios\" style=\"font-size:2em;letter-spacing:-3px\"><strong>Sol\u00b7licitud<\/strong><\/h2>\n\n<\/div><\/div>\n\n\n<h3 class=\"has-contrast-color has-text-color wp-block-heading\">Sol\u00b7licitud d&#039;inscripci\u00f3<\/h3>\n\n\n\n<p>Per inscriure&#039;t al Registre de Mediadors\/es Familiars de Catalunya ho podr\u00e0s fer mitjan\u00e7ant un d&#039;aquests procediments:<\/p>\n\n\n\n<ul class=\"wp-block-list\">\n<li><strong>Si pertanys a un col\u00b7legi professional:&nbsp;<\/strong>haur\u00e0s&nbsp;<strong>inscriure&#039;t al registre de la teva escola,<\/strong>&nbsp;que resoldr\u00e0 la declaraci\u00f3 de capacitaci\u00f3 i traslladar\u00e0 les inscripcions al Registre de l&#039;\u00e0mbit corresponent del<strong>&nbsp;Centre de Mediaci\u00f3 de Dret Privat de Catalunya<\/strong>.<\/li>\n\n\n\n<li class=\"enlace\"><strong>Si sou membre d&#039;una associaci\u00f3 professional acreditada<\/strong>&nbsp;<strong>o prestes serveis de Mediaci\u00f3 per a l&#039;Administraci\u00f3 P\u00fablica:&nbsp;<\/strong>pots demanar al Centre de Mediaci\u00f3 de Dret Privat de Catalunya la&nbsp;<strong>inscripci\u00f3 directa<\/strong>&nbsp;al Registre de l&#039;\u00e0mbit corresponent i el Centre resoldr\u00e0 sobre la declaraci\u00f3 de capacitaci\u00f3.<a class=\"rank-math-link\" href=\"http:\/\/justicia.gencat.cat\/web\/.content\/home\/ambits\/mediacio_dret_privat\/espaiprofessionals\/solicitud-inscripcion-censo-mediacion.pdf\" rel=\"nofollow noopener\" target=\"_blank\">&nbsp;<strong><mark style=\"background-color:rgba(0, 0, 0, 0);color:#952337\" class=\"has-inline-color\">Aqu\u00ed trobar\u00e0s la sol\u00b7licitud que haur\u00e0s d&#039;emplenar per sol\u00b7licitar la inscripci\u00f3 directa.<\/mark><\/strong><\/a><\/li>\n\n\n\n<li><strong>Si no comptes amb formaci\u00f3 homologada:&nbsp;<\/strong>la&nbsp;<strong>ORDRE JUS \/ 245\/2014, de 28 de juliol,<\/strong>&nbsp;estableix els requisits i condicions necessaris per inscriure&#039;s als registres generals del Centre de Mediaci\u00f3 de Dret Privat de Catalunya. Aquests requisits es basen en la&nbsp;<strong>acreditaci\u00f3 dexperi\u00e8ncia en mediaci\u00f3 tant formativa com pr\u00e0ctica.&nbsp;<\/strong>Caldr\u00e0, a m\u00e9s, comptar amb&nbsp;<strong>t\u00edtol universitari oficial<\/strong>&nbsp;i&nbsp;<strong>pert\u00e0nyer a un col\u00b7legi professional<\/strong>.<\/li>\n<\/ul>\n\n\n\n<h3 class=\"has-contrast-color has-text-color wp-block-heading\">Documentaci\u00f3 requerida<\/h3>\n\n\n\n<p>Si despr\u00e9s de finalitzar la formaci\u00f3, pertanys a una associaci\u00f3 professional de Mediaci\u00f3, haur\u00e0s de presentar la documentaci\u00f3 seg\u00fcent:<\/p>\n\n\n\n<ul class=\"wp-block-list\">\n<li><strong>DNI, passaport o document acreditatiu didentitat.<\/strong><\/li>\n\n\n\n<li><strong>Document que acrediti formaci\u00f3 universit\u00e0ria oficial.<\/strong><\/li>\n\n\n\n<li><strong>Documentaci\u00f3 acreditativa de formaci\u00f3 en mediaci\u00f3<\/strong>&nbsp;homologada pel&nbsp;<strong>Centre de Mediaci\u00f3 de Dret Privat de Catalunya<\/strong>, en l&#039;\u00e0mbit de: fam\u00edlia; civil; empreses; successions; propietat horitzontal; comunitari; organitzacions; o agrari.<\/li>\n\n\n\n<li>Certificat o c\u00f2pia compulsada de la&nbsp;<strong>p\u00f2lissa de responsabilitat civil<\/strong>&nbsp;per a lexercici de la mediaci\u00f3.<\/li>\n<\/ul>\n\n\n\n<h3 class=\"has-contrast-color has-text-color wp-block-heading\">Procediment a seguir a la inscripci\u00f3<\/h3>\n\n\n\n<p class=\"enlace\">La&nbsp;<strong><a href=\"http:\/\/docs.google.com\/forms\/d\/e\/1FAIpQLSdSgfKyB70tdyA18vPEQj_QZwNZ6O9vZ2L7StLI34kfm1JRPQ\/viewform?c=0&amp;w=1(abre en una nueva pesta\u00f1a)\" class=\"rank-math-link\" rel=\"nofollow noopener\" target=\"_blank\"><span style=\"color:#952337\" class=\"has-inline-color\">sol\u00b7licitud &nbsp;<\/span><\/a><\/strong>haur\u00e0 de presentar-se a la&nbsp;<strong><span style=\"color:#952337\" class=\"has-inline-color\"><a href=\"https:\/\/eduso.net\/res\/revista\/2\/entidades\/la-asociacion-para-la-promocion-de-servicios-a-la-mediacion\" class=\"rank-math-link\" rel=\"nofollow noopener\" target=\"_blank\">Associaci\u00f3 de Professionals de la Mediaci\u00f3 a Catalunya.<\/a><\/span><\/strong> Tamb\u00e9, tal com s&#039;estableix l&#039;article 38.4 de la Llei 30\/1992, de 26 de novembre, les sol\u00b7licituds, escrits i comunicacions que els ciutadans dirigeixin als \u00f2rgans de les administracions p\u00fabliques podran presentar-se a:<\/p>\n\n\n\n<ul class=\"wp-block-list\">\n<li><strong>Als registres dels \u00f2rgans administratius<\/strong>&nbsp;als que es dirigeixin.<\/li>\n\n\n\n<li>Als registres de qualsevol \u00f2rgan administratiu, que pertanyi a la&nbsp;<strong>Administraci\u00f3 General de l&#039;Estat<\/strong>, a la de qualsevol&nbsp;<strong>Administraci\u00f3 de les comunitats&nbsp;<\/strong><strong>Aut\u00f2nomes<\/strong>, a la de qualsevol Administraci\u00f3 de les D<strong>iputacions provincials, cabildos i&nbsp;<\/strong><strong>Consells Insulars<\/strong>, als&nbsp;<strong>Ajuntaments dels Municipis<\/strong>&nbsp;a qu\u00e8 fa refer\u00e8ncia l&#039;article 121 de la Llei 7\/1985, de 2 d&#039;abril, reguladora de les Bases del R\u00e8gim Local, oa la de la resta de les entitats que integren la&nbsp;<strong>Administraci\u00f3 Local<\/strong>&nbsp;si, en aquest darrer cas, s&#039;ha subscrit el conveni oport\u00fa.<\/li>\n\n\n\n<li><strong>A les oficines de Correus<\/strong>, en la forma que s&#039;estableixi per reglament.<\/li>\n\n\n\n<li>A les r<strong>epresentacions diplom\u00e0tiques o oficines consulars<\/strong>&nbsp;<strong>d&#039;Espanya<\/strong>&nbsp;a l&#039;estranger.<\/li>\n\n\n\n<li><strong>A qualsevol altre<\/strong>&nbsp;que estableixin les disposicions vigents.<\/li>\n<\/ul>\n\n<\/div><\/div>\n<\/div><\/div>\n\n\n<p><\/p>","protected":false},"excerpt":{"rendered":"<p>Registre de mediadors\/es de Catalunya En aquesta secci\u00f3 et facilitarem tota la informaci\u00f3 que necessites per registrar-te com a professional de la mediaci\u00f3 en aquesta Comunitat Aut\u00f2noma. Aix\u00ed mateix, podr\u00e0s consultar la formaci\u00f3 que necessites per complir requisits i que la nostra Escola posa a la teva disposici\u00f3. Formaci\u00f3 Acad\u00e8mica Formaci\u00f3 espec\u00edfica El nostre Curs \u2026 <a title=\"Registre mediadors Catalunya\" class=\"read-more\" href=\"https:\/\/eimediacion.edu.es\/cat\/comunidades-registros\/catalunya\/\" aria-label=\"M\u00e9s informaci\u00f3 sobre Registre mediadors Catalunya\">Llegir m\u00e9s<\/a><\/p>","protected":false},"featured_media":1089,"template":"","class_list":["post-4989","registro","type-registro","status-publish","has-post-thumbnail","hentry"],"_links":{"self":[{"href":"https:\/\/eimediacion.edu.es\/cat\/wp-json\/wp\/v2\/registro\/4989","targetHints":{"allow":["GET"]}}],"collection":[{"href":"https:\/\/eimediacion.edu.es\/cat\/wp-json\/wp\/v2\/registro"}],"about":[{"href":"https:\/\/eimediacion.edu.es\/cat\/wp-json\/wp\/v2\/types\/registro"}],"version-history":[{"count":0,"href":"https:\/\/eimediacion.edu.es\/cat\/wp-json\/wp\/v2\/registro\/4989\/revisions"}],"wp:featuredmedia":[{"embeddable":true,"href":"https:\/\/eimediacion.edu.es\/cat\/wp-json\/wp\/v2\/media\/1089"}],"wp:attachment":[{"href":"https:\/\/eimediacion.edu.es\/cat\/wp-json\/wp\/v2\/media?parent=4989"}],"curies":[{"name":"wp","href":"https:\/\/api.w.org\/{rel}","templated":true}]}}