{"id":4973,"date":"2021-03-15T11:30:48","date_gmt":"2021-03-15T10:30:48","guid":{"rendered":"https:\/\/eimediacion.edu.es\/?post_type=registro&#038;p=4973"},"modified":"2023-02-16T11:40:01","modified_gmt":"2023-02-16T10:40:01","slug":"registro-mediadores-castilla-y-leon","status":"publish","type":"registro","link":"https:\/\/eimediacion.edu.es\/cat\/comunidades-registros\/registro-mediadores-castilla-y-leon\/","title":{"rendered":"Registre mediadors Castella i Lle\u00f3"},"content":{"rendered":"<div class=\"gb-container gb-container-fe9f7b9d alignfull\"><div class=\"gb-inside-container\">\n<div class=\"gb-container gb-container-41eb6c06\"><div class=\"gb-inside-container\">\n\n<div style=\"height:45px\" aria-hidden=\"true\" class=\"wp-block-spacer\"><\/div>\n\n\n\n<div class=\"wp-block-columns is-layout-flex wp-container-core-columns-is-layout-9d6595d7 wp-block-columns-is-layout-flex\">\n<div class=\"wp-block-column is-vertically-aligned-center is-layout-flow wp-block-column-is-layout-flow\">\n<h2 class=\"has-text-align-center alturaLinea has-contrast-color has-text-color wp-block-heading\" style=\"font-size:3em;letter-spacing:-3px;text-transform:none\"><strong>Registre de mediadors\/es de <span style=\"background-image: linear-gradient(61deg,#ffffff,#a92a3d);background-repeat: no-repeat;background-position: 0px bottom;background-size: 100% 7px;border-radius: 17px;\">Castella i Lle\u00f3<\/span><\/strong><\/h2>\n<\/div>\n\n\n\n<div class=\"wp-block-column is-layout-flow wp-block-column-is-layout-flow\"><div class=\"wp-block-image is-style-default\">\n<figure class=\"aligncenter size-large is-resized\"><img loading=\"lazy\" decoding=\"async\" src=\"https:\/\/eimediacion.edu.es\/wp-content\/uploads\/2021\/03\/castilla-y-leon.png\" alt=\"Castilla Y Leon\" class=\"wp-image-4976\" width=\"293\" height=\"291\" title=\"\"><\/figure>\n<\/div><\/div>\n<\/div>\n\n<\/div><\/div>\n<\/div><\/div>\n\n<div class=\"gb-container gb-container-94fbb4db\"><div class=\"gb-inside-container\">\n<div class=\"gb-container gb-container-c6f2213c\"><div class=\"gb-inside-container\">\n\n<p class=\"has-text-align-center\">En aquesta secci\u00f3 et facilitarem tota la informaci\u00f3 que necessites per registrar-te com a professional de la mediaci\u00f3 en aquesta comunitat aut\u00f2noma. Aix\u00ed mateix, podr\u00e0s consultar la formaci\u00f3 que necessites per complir requisits i que la nostra Escola posa a la teva disposici\u00f3.<\/p>\n\n<\/div><\/div>\n\n<div class=\"gb-container gb-container-7832b1b1\"><div class=\"gb-inside-container\">\n<div class=\"gb-container gb-container-7e4cb767\"><div class=\"gb-inside-container\">\n\n<h2 class=\"alturaLineaProg has-contrast-color has-text-color wp-block-heading\" id=\"plan-de-estudios\" style=\"font-size:2em;letter-spacing:-3px\"><strong>Formaci\u00f3 <span style=\"background-image: linear-gradient(61deg,#ffffff,#a92a3d);background-repeat: no-repeat;background-position: 0px bottom;background-size: 100% 7px;border-radius: 17px;\">Acad\u00e8mica<\/span><\/strong><\/h2>\n\n<\/div><\/div>\n\n\n<p>Disposar d&#039;un&nbsp;<strong>t\u00edtol universitari<\/strong>&nbsp;en Dret, Psicologia, Psicopedagogia, Pedagogia, Sociologia, Treball Social o Educaci\u00f3 Social; o, qualsevol altra titulaci\u00f3 (Grau, Llicenciatura o Diplomatura) de car\u00e0cter social, psicol\u00f2gic, jur\u00eddic, educatiu o sanitari.<\/p>\n\n\n<div class=\"gb-container gb-container-36cf463f\"><div class=\"gb-inside-container\">\n\n<h2 class=\"alturaLineaProg has-contrast-color has-text-color wp-block-heading\" id=\"plan-de-estudios\" style=\"font-size:2em;letter-spacing:-3px\"><strong>Formaci\u00f3 <span style=\"background-image: linear-gradient(61deg,#ffffff,#a92a3d);background-repeat: no-repeat;background-position: 0px bottom;background-size: 100% 7px;border-radius: 17px;\">espec\u00edfica<\/span><\/strong><\/h2>\n\n<\/div><\/div>\n\n\n<p><strong>Formaci\u00f3 m\u00ednima de 300 hores<\/strong>. Haur\u00e0 d&#039;estar impartida, organitzada o tutelada per Institucions Universit\u00e0ries o Col\u00b7legis Professionals.<\/p>\n\n\n<div class=\"gb-container gb-container-2e478c01\"><div class=\"gb-inside-container\">\n\n<h2 class=\"alturaLineaProg has-contrast-color has-text-color wp-block-heading\" id=\"plan-de-estudios\" style=\"font-size:2em;letter-spacing:-3px\"><strong>Formaci\u00f3 <span style=\"background-image: linear-gradient(61deg,#ffffff,#a92a3d);background-repeat: no-repeat;background-position: 0px bottom;background-size: 100% 7px;border-radius: 17px;\">continua<\/span><\/strong><\/h2>\n\n<\/div><\/div>\n\n\n<p>Sense menci\u00f3 legal.<\/p>\n\n\n<div class=\"gb-container gb-container-bbe53e15\"><div class=\"gb-inside-container\">\n\n<h2 class=\"alturaLineaProg has-contrast-color has-text-color wp-block-heading\" id=\"plan-de-estudios\" style=\"font-size:2em;letter-spacing:-3px\"><strong>Sol\u00b7licitud<\/strong><\/h2>\n\n<\/div><\/div>\n\n\n<h3 class=\"gb-headline gb-headline-94680400 gb-headline-text\">Sol\u00b7licitud d&#039;inscripci\u00f3<\/h3>\n\n\n\n<p class=\"enlace\">La Direcci\u00f3 General de Fam\u00edlia \u00e9s l&#039;encarregada de tramitar la resoluci\u00f3 de les sol\u00b7licituds d&#039;inscripci\u00f3 al Registre de Mediadors\/es Familiars de Castella i Lle\u00f3. Haur\u00e0s d&#039;emplenar la&nbsp;<strong><a class=\"rank-math-link\" href=\"http:\/\/tramitacastillayleon.jcyl.es\/web\/jcyl\/binarios\/117\/646\/IAPA_988_Modelo_549_DR_@_v9.pdf?blobheader=application%2Fpdf%3Bcharset%3DUTF-8&amp;blobheadername1=Cache-Control&amp;blobheadername2=Expires&amp;blobheadername3=Site&amp;blobheadername4=Content-Disposition&amp;blobheadervalue1=no-store%2Cno-cache%2Cmust-revalidate&amp;blobheadervalue2=0&amp;blobheadervalue3=Portal_Informador&amp;blobheadervalue4=inline%3B+filename%3Dtramite.pdf&amp;blobnocache=true(abre en una nueva pesta\u00f1a)(abre en una nueva pesta\u00f1a)\" rel=\"nofollow noopener\" target=\"_blank\"><span style=\"color:#952337\" class=\"has-inline-color\">Declaraci\u00f3 responsable.<\/span><\/a><\/strong><\/p>\n\n\n\n<h3 class=\"has-contrast-color has-text-color wp-block-heading\">Documentaci\u00f3 requerida<\/h3>\n\n\n\n<p>Se&#039;t requerir\u00e0 la documentaci\u00f3 seg\u00fcent:<\/p>\n\n\n\n<ul class=\"wp-block-list\">\n<li class=\"enlace\"><strong><a class=\"rank-math-link\" href=\"http:\/\/tramitacastillayleon.jcyl.es\/web\/jcyl\/binarios\/117\/646\/IAPA_988_Modelo_549_DR_@_v9.pdf?blobheader=application%2Fpdf%3Bcharset%3DUTF-8&amp;blobheadername1=Cache-Control&amp;blobheadername2=Expires&amp;blobheadername3=Site&amp;blobheadername4=Content-Disposition&amp;blobheadervalue1=no-store%2Cno-cache%2Cmust-revalidate&amp;blobheadervalue2=0&amp;blobheadervalue3=Portal_Informador&amp;blobheadervalue4=inline%3B+filename%3Dtramite.pdf&amp;blobnocache=true(abre en una nueva pesta\u00f1a)\" rel=\"nofollow noopener\" target=\"_blank\"><span style=\"color:#952337\" class=\"has-inline-color\">Declaraci\u00f3 responsable&nbsp;<\/span><\/a><\/strong>on la persona mediadora manifesti que compleix els requisits per a l&#039;exercici de l&#039;activitat professional.<\/li>\n\n\n\n<li><strong>C\u00f2pia del DNI o NIE<\/strong>.<\/li>\n\n\n\n<li><strong>C\u00f2pia del t\u00edtol universitari<\/strong>&nbsp;en cas de no autoritzar l&#039;organisme gestor que ho verifiqui.<\/li>\n\n\n\n<li><strong>C\u00f2pia del certificat o diploma que acrediti la formaci\u00f3 espec\u00edfica en Mediaci\u00f3 Familiar.<\/strong>&nbsp;En cas que el curs no estigui acreditat per la Junta de Castella i Lle\u00f3, el certificat haur\u00e0 d&#039;acompanyar-se d&#039;un document on consti el contingut i la durada en hores lectives.<\/li>\n<\/ul>\n\n\n\n<h3 class=\"has-contrast-color has-text-color wp-block-heading\">Procediment a seguir a la inscripci\u00f3<\/h3>\n\n\n\n<p class=\"enlace\">Podr\u00e0s presentar la sol\u00b7licitud de forma telem\u00e0tica o presencial: <strong>Telem\u00e0tica:&nbsp;<\/strong>Caldr\u00e0 que hi accedeixis<strong>&nbsp;<span style=\"color:#952337\" class=\"has-inline-color\"><a class=\"rank-math-link\" href=\"http:\/\/www.jcyl.es\/\" rel=\"nofollow noopener\" target=\"_blank\">a la web de la Junta de Castella i Lle\u00f3<\/a><\/span><\/strong> i realitzeu el tr\u00e0mit a trav\u00e9s d&#039;un d&#039;aquests procediments.<\/p>\n\n\n\n<ol class=\"wp-block-list\">\n<li><strong>Mitjan\u00e7ant signatura electr\u00f2nica:<\/strong>&nbsp;caldr\u00e0 un certificat electr\u00f2nic per acreditar la identitat del ciutad\u00e0, a m\u00e9s de connexi\u00f3 a internet i un navegador degudament configurat.<\/li>\n\n\n\n<li><strong>Signatura electr\u00f2nica amb autosignatura<\/strong>.<\/li>\n\n\n\n<li><strong>Signatura electr\u00f2nica amb AppLets<\/strong>.<\/li>\n<\/ol>\n\n\n\n<p>Presencial: Podr\u00e0 presentar-se a<\/p>\n\n\n\n<ol class=\"wp-block-list\">\n<li class=\"enlace\"><strong><span style=\"color:#952337\" class=\"has-inline-color\"><a href=\"https:\/\/www.jcyl.es\/web\/jcyl\/Portada\/es\/Plantilla100DirectorioPortada\/1248366924958\/0\/1284211213598\/DirectorioPadre\" class=\"rank-math-link\" rel=\"nofollow noopener\" target=\"_blank\">Seccions de Fam\u00edlia de les Ger\u00e8ncies Territorials de Serveis Socials.<\/a><\/span><\/strong><\/li>\n\n\n\n<li class=\"enlace\"><strong><span style=\"color:#952337\" class=\"has-inline-color\"><a href=\"https:\/\/www.jcyl.es\/web\/jcyl\/Portada\/es\/Plantilla100Directorio\/1248366924958\/0\/1144425291523\/DirectorioPadre\" class=\"rank-math-link\" rel=\"nofollow noopener\" target=\"_blank\">Oficines dassist\u00e8ncia en mat\u00e8ria de registres de la Junta de Castella i Lle\u00f3.<\/a><\/span><\/strong><\/li>\n\n\n\n<li class=\"enlace\"><strong><span style=\"color:#952337\" class=\"has-inline-color\"><a href=\"https:\/\/www.tramitacastillayleon.jcyl.es\/web\/jcyl\/AdministracionElectronica\/es\/Plantilla100Detalle\/1251181050732\/_\/1253613443740\/Texto\" class=\"rank-math-link\" rel=\"nofollow noopener\" target=\"_blank\">A qualsevol dels llocs establerts a l&#039;article 16.4 de la Llei 39\/2015 (LPACAP).<\/a><\/span><\/strong><\/li>\n<\/ol>\n\n<\/div><\/div>\n<\/div><\/div>","protected":false},"excerpt":{"rendered":"<p>Registre de mediadors\/es de Castella i Lle\u00f3 En aquesta secci\u00f3 et facilitarem tota la informaci\u00f3 que necessites per registrar-te com a professional de la mediaci\u00f3 en aquesta Comunitat Aut\u00f2noma. Aix\u00ed mateix, podr\u00e0s consultar la formaci\u00f3 que necessites per complir requisits i que la nostra Escola posa a la teva disposici\u00f3. Formaci\u00f3 Acad\u00e8mica Disposar \u2026 <a title=\"Registre mediadors Castella i Lle\u00f3\" class=\"read-more\" href=\"https:\/\/eimediacion.edu.es\/cat\/comunidades-registros\/registro-mediadores-castilla-y-leon\/\" aria-label=\"M\u00e9s informaci\u00f3 sobre Registre mediadors Castella i Lle\u00f3\">Llegir m\u00e9s<\/a><\/p>","protected":false},"featured_media":1090,"template":"","class_list":["post-4973","registro","type-registro","status-publish","has-post-thumbnail","hentry"],"_links":{"self":[{"href":"https:\/\/eimediacion.edu.es\/cat\/wp-json\/wp\/v2\/registro\/4973","targetHints":{"allow":["GET"]}}],"collection":[{"href":"https:\/\/eimediacion.edu.es\/cat\/wp-json\/wp\/v2\/registro"}],"about":[{"href":"https:\/\/eimediacion.edu.es\/cat\/wp-json\/wp\/v2\/types\/registro"}],"version-history":[{"count":0,"href":"https:\/\/eimediacion.edu.es\/cat\/wp-json\/wp\/v2\/registro\/4973\/revisions"}],"wp:featuredmedia":[{"embeddable":true,"href":"https:\/\/eimediacion.edu.es\/cat\/wp-json\/wp\/v2\/media\/1090"}],"wp:attachment":[{"href":"https:\/\/eimediacion.edu.es\/cat\/wp-json\/wp\/v2\/media?parent=4973"}],"curies":[{"name":"wp","href":"https:\/\/api.w.org\/{rel}","templated":true}]}}