{"id":4885,"date":"2021-03-15T10:55:49","date_gmt":"2021-03-15T09:55:49","guid":{"rendered":"https:\/\/eimediacion.edu.es\/?post_type=registro&#038;p=4885"},"modified":"2023-02-16T11:39:05","modified_gmt":"2023-02-16T10:39:05","slug":"asturias","status":"publish","type":"registro","link":"https:\/\/eimediacion.edu.es\/cat\/comunidades-registros\/asturias\/","title":{"rendered":"Registre mediadors Ast\u00faries"},"content":{"rendered":"<div class=\"gb-container gb-container-fe9f7b9d alignfull\"><div class=\"gb-inside-container\">\n<div class=\"gb-container gb-container-41eb6c06\"><div class=\"gb-inside-container\">\n\n<div style=\"height:45px\" aria-hidden=\"true\" class=\"wp-block-spacer\"><\/div>\n\n\n\n<div class=\"wp-block-columns is-layout-flex wp-container-core-columns-is-layout-9d6595d7 wp-block-columns-is-layout-flex\">\n<div class=\"wp-block-column is-vertically-aligned-center is-layout-flow wp-block-column-is-layout-flow\">\n<h2 class=\"has-text-align-center alturaLinea has-contrast-color has-text-color wp-block-heading\" style=\"font-size:3em;letter-spacing:-3px;text-transform:none\"><strong>Registre de mediadors\/es de <span style=\"background-image: linear-gradient(61deg,#ffffff,#a92a3d);background-repeat: no-repeat;background-position: 0px bottom;background-size: 100% 7px;border-radius: 17px;\">Ast\u00faries<\/span><\/strong><\/h2>\n<\/div>\n\n\n\n<div class=\"wp-block-column is-layout-flow wp-block-column-is-layout-flow\"><div class=\"wp-block-image is-style-default\">\n<figure class=\"aligncenter size-large is-resized\"><img loading=\"lazy\" decoding=\"async\" src=\"https:\/\/eimediacion.edu.es\/wp-content\/uploads\/2021\/03\/asturias.png\" alt=\"Asturias\" class=\"wp-image-4888\" width=\"293\" height=\"291\" title=\"\"><\/figure>\n<\/div><\/div>\n<\/div>\n\n<\/div><\/div>\n<\/div><\/div>\n\n<div class=\"gb-container gb-container-94fbb4db\"><div class=\"gb-inside-container\">\n<div class=\"gb-container gb-container-c6f2213c\"><div class=\"gb-inside-container\">\n\n<p class=\"has-text-align-center\">En aquesta secci\u00f3 et facilitarem tota la informaci\u00f3 que necessites per registrar-te com a professional de la mediaci\u00f3 en aquesta comunitat aut\u00f2noma. Aix\u00ed mateix, podr\u00e0s consultar la formaci\u00f3 que necessites per complir requisits i que la nostra Escola posa a la teva disposici\u00f3.<\/p>\n\n<\/div><\/div>\n\n<div class=\"gb-container gb-container-7832b1b1\"><div class=\"gb-inside-container\">\n<div class=\"gb-container gb-container-7e4cb767\"><div class=\"gb-inside-container\">\n\n<h2 class=\"alturaLineaProg has-contrast-color has-text-color wp-block-heading\" id=\"plan-de-estudios\" style=\"font-size:2em;letter-spacing:-3px\"><strong>Formaci\u00f3 <span style=\"background-image: linear-gradient(61deg,#ffffff,#a92a3d);background-repeat: no-repeat;background-position: 0px bottom;background-size: 100% 7px;border-radius: 17px;\">Acad\u00e8mica<\/span><\/strong><\/h2>\n\n<\/div><\/div>\n\n\n<ul class=\"wp-block-list\">\n<li>Disposar d\u201fun t\u00edtol universitari o de cicle formatiu de grau superior.<\/li>\n<\/ul>\n\n\n<div class=\"gb-container gb-container-2698a540\"><div class=\"gb-inside-container\">\n\n<h2 class=\"alturaLineaProg has-contrast-color has-text-color wp-block-heading\" id=\"plan-de-estudios\" style=\"font-size:2em;letter-spacing:-3px\"><strong>Formaci\u00f3 <span style=\"background-image: linear-gradient(61deg,#ffffff,#a92a3d);background-repeat: no-repeat;background-position: 0px bottom;background-size: 100% 7px;border-radius: 17px;\">espec\u00edfica<\/span><\/strong><\/h2>\n\n<\/div><\/div>\n\n\n<ul class=\"wp-block-list\">\n<li class=\"enlace\">Formaci\u00f3 de&nbsp;<strong>100 hores<\/strong>&nbsp;en mediaci\u00f3. D&#039;ella, un&nbsp;<strong>35%<\/strong>&nbsp;ha de ser pr\u00e0ctica.<a href=\"https:\/\/eimediacion.edu.es\/cat\/curso\/experto-mediacion-civil-100h\/\" class=\"rank-math-link\">&nbsp;<span style=\"color:#952337\" class=\"has-inline-color\">El nostre curs d&#039;expert us servir\u00e0 a aquest efecte.<\/span><\/a><\/li>\n<\/ul>\n\n\n<div class=\"gb-container gb-container-347034bb\"><div class=\"gb-inside-container\">\n\n<h2 class=\"alturaLineaProg has-contrast-color has-text-color wp-block-heading\" id=\"plan-de-estudios\" style=\"font-size:2em;letter-spacing:-3px\"><strong>Formaci\u00f3 <span style=\"background-image: linear-gradient(61deg,#ffffff,#a92a3d);background-repeat: no-repeat;background-position: 0px bottom;background-size: 100% 7px;border-radius: 17px;\">continua<\/span><\/strong><\/h2>\n\n<\/div><\/div>\n\n\n<ul class=\"wp-block-list\">\n<li>Haur\u00e0s d&#039;acreditar 20 hores de formaci\u00f3 cada 5 anys.<\/li>\n<\/ul>\n\n\n\n<p class=\"enlace\">L&#039;Escola Internacional de Mediaci\u00f3 tamb\u00e9 disposa de formaci\u00f3 continuada. Podr\u00e0s triar fins a 17 especialitats. Accedeix fent click&nbsp;<span style=\"color:#952337\" class=\"has-inline-color\"><a href=\"https:\/\/eimediacion.edu.es\/cat\/programas\/\" class=\"rank-math-link\">aqu\u00ed.<\/a><\/span><\/p>\n\n\n<div class=\"gb-container gb-container-3cb4ae9c\"><div class=\"gb-inside-container\">\n\n<h2 class=\"alturaLineaProg has-contrast-color has-text-color wp-block-heading\" id=\"plan-de-estudios\" style=\"font-size:2em;letter-spacing:-3px\"><strong>Sol\u00b7licitud<\/strong><\/h2>\n\n<\/div><\/div>\n\n\n<h3 class=\"gb-headline gb-headline-5c234265 gb-headline-text\">Sol\u00b7licituds d&#039;inscripci\u00f3<\/h3>\n\n\n\n<p>Ast\u00faries es regeix per l&#039;IMPA (Institut de Mediaci\u00f3 del Principat d&#039;Ast\u00faries)<strong>.<\/strong>&nbsp;Per fer el tr\u00e0mit, haur\u00e0s d&#039;accedir a la sol\u00b7licitud:<\/p>\n\n\n\n<ul class=\"wp-block-list\">\n<li class=\"enlace\"><strong><span style=\"color:#952337\" class=\"has-inline-color\"><a href=\"https:\/\/www.impasturias.com\/registro-mediadores-impa\" class=\"rank-math-link\" rel=\"nofollow noopener\" target=\"_blank\">Sol\u00b7licitud d&#039;inscripci\u00f3 al Registre de Mediadors de l&#039;IMPA<\/a><\/span><\/strong><\/li>\n<\/ul>\n\n\n\n<h3 class=\"has-contrast-color has-text-color wp-block-heading\">Documentaci\u00f3 requerida<\/h3>\n\n\n\n<p>Se us requerir\u00e0, en primera estada, emplenar la sol\u00b7licitud d&#039;inscripci\u00f3. A ella, caldr\u00e0 adjuntar la seg\u00fcent documentaci\u00f3:<\/p>\n\n\n\n<ul class=\"wp-block-list\">\n<li><strong>DNI<\/strong>.<\/li>\n\n\n\n<li><strong>Certificat de Registre al Ministeri de Just\u00edcia:<\/strong>&nbsp;\u00c9s la certificaci\u00f3 acreditativa de la inscripci\u00f3 al Registre de Mediadors del Ministeri de Just\u00edcia o una certificaci\u00f3 del Col\u00b7legi Professional.<\/li>\n\n\n\n<li><strong>Justificant d&#039;abonament:<\/strong>&nbsp;Justificant d&#039;abonament al n\u00famero de compte bancari de l&#039;IMPA:&nbsp;<strong>ES61 2048 0114 1234 0400 3447<\/strong>, dels Drets de manteniment al Registre de Mediadors corresponents a l&#039;any natural en qu\u00e8 sol\u00b7licites la teva inscripci\u00f3<strong>&nbsp;(121 \u20ac IVA incl\u00f2s),<\/strong>&nbsp;aix\u00ed com ordre de domiciliaci\u00f3 per a l&#039;abonament dels drets esmentats en endavant. Els\/les mediadors\/es que siguin alhora col\u00b7legiats del&nbsp;<strong>Col\u00b7legi d&#039;Economistes d&#039;Ast\u00faries<\/strong>&nbsp;inscrits al Torn d&#039;Actuaci\u00f3 Professional del Col\u00b7legi, estaran exempts de l&#039;abonament d&#039;aquests drets.<\/li>\n<\/ul>\n\n\n\n<h3 class=\"has-contrast-color has-text-color wp-block-heading\">Procediment a seguir a la inscripci\u00f3<\/h3>\n\n\n\n<p>Podr\u00e0s presentar la teva sol\u00b7licitud d&#039;inscripci\u00f3 a trav\u00e9s de dues maneres:<\/p>\n\n\n\n<ol class=\"wp-block-list\">\n<li><strong>Presencialment<\/strong>: Al Col\u00b7legi d&#039;Economistes d&#039;Ast\u00faries (Alfons III El Magne, 15 \u2013 33001 Oviedo).<\/li>\n\n\n\n<li><strong>A trav\u00e9s de correu postal:&nbsp;<\/strong>A la mateixa direcci\u00f3 (Alfons III El Magne, 15-33001 Oviedo). A l&#039;enviament s&#039;haur\u00e0 d&#039;adjuntar tant la sol\u00b7licitud d&#039;inscripci\u00f3, emplenada i signada, com la documentaci\u00f3 addicional (podr\u00e0s veure quina \u00e9s prement sobre l&#039;apartat &#039;Documentaci\u00f3 Requerida&#039;).<\/li>\n<\/ol>\n\n<\/div><\/div>\n<\/div><\/div>","protected":false},"excerpt":{"rendered":"<p>Registre de mediadors\/es d&#039;Ast\u00faries En aquesta secci\u00f3 et facilitarem tota la informaci\u00f3 que necessites per registrar-te com a professional de la mediaci\u00f3 en aquesta comunitat aut\u00f2noma. Aix\u00ed mateix, podr\u00e0s consultar la formaci\u00f3 que necessites per complir requisits i que la nostra Escola posa a la teva disposici\u00f3. Formaci\u00f3 Acad\u00e8mica Formaci\u00f3 espec\u00edfica Formaci\u00f3 \u2026 <a title=\"Registre mediadors Ast\u00faries\" class=\"read-more\" href=\"https:\/\/eimediacion.edu.es\/cat\/comunidades-registros\/asturias\/\" aria-label=\"M\u00e9s informaci\u00f3 sobre Registre mediadors Ast\u00faries\">Llegir m\u00e9s<\/a><\/p>","protected":false},"featured_media":1071,"template":"","class_list":["post-4885","registro","type-registro","status-publish","has-post-thumbnail","hentry"],"_links":{"self":[{"href":"https:\/\/eimediacion.edu.es\/cat\/wp-json\/wp\/v2\/registro\/4885","targetHints":{"allow":["GET"]}}],"collection":[{"href":"https:\/\/eimediacion.edu.es\/cat\/wp-json\/wp\/v2\/registro"}],"about":[{"href":"https:\/\/eimediacion.edu.es\/cat\/wp-json\/wp\/v2\/types\/registro"}],"version-history":[{"count":0,"href":"https:\/\/eimediacion.edu.es\/cat\/wp-json\/wp\/v2\/registro\/4885\/revisions"}],"wp:featuredmedia":[{"embeddable":true,"href":"https:\/\/eimediacion.edu.es\/cat\/wp-json\/wp\/v2\/media\/1071"}],"wp:attachment":[{"href":"https:\/\/eimediacion.edu.es\/cat\/wp-json\/wp\/v2\/media?parent=4885"}],"curies":[{"name":"wp","href":"https:\/\/api.w.org\/{rel}","templated":true}]}}