{"id":4566,"date":"2021-03-15T12:57:05","date_gmt":"2021-03-15T11:57:05","guid":{"rendered":"https:\/\/eimediacion.edu.es\/?post_type=programa&#038;p=4566"},"modified":"2026-03-12T18:02:29","modified_gmt":"2026-03-12T17:02:29","slug":"curs-universitari-mediacio","status":"publish","type":"programa","link":"https:\/\/eimediacion.edu.es\/cat\/programas\/curs-universitari-mediacio\/","title":{"rendered":"Curs universitari d&#039;especialitzaci\u00f3 en mediaci\u00f3 civil, mercantil i familiar"},"content":{"rendered":"<div class=\"gb-container gb-container-76e1daa1\"><div class=\"gb-inside-container\">\n<div class=\"gb-grid-wrapper gb-grid-wrapper-231847ec\">\n<div class=\"gb-grid-column gb-grid-column-8e2d4660\"><div class=\"gb-container gb-container-8e2d4660\"><div class=\"gb-inside-container\">\n\n<h1 class=\"wp-block-heading\" id=\"curs-universitari-d-especialitzacio-en-mediacio-civil-mercantil-i-familiar\">Curs Universitari d\u2019Especialitzaci\u00f3 en Mediaci\u00f3 Civil, Mercantil i Familiar<\/h1>\n\n\n\n<ul class=\"wp-block-list\">\n<li>Cumplir el requisito de&nbsp;<strong>formaci\u00f3n espec\u00edfica para<\/strong>&nbsp;<strong>trabajar como mediador\/a<\/strong>&nbsp;en Espa\u00f1a.<\/li>\n\n\n\n<li>Inscribirte en el&nbsp;<strong>Registro estatal de Mediadores\/as e Instituciones de Mediaci\u00f3n del Ministerio de Justicia<\/strong>.<\/li>\n\n\n\n<li>Inscribirte en el <strong>Centre de Mediaci\u00f3n de Catalunya<\/strong>.<\/li>\n\n\n\n<li>Acceder al&nbsp;<strong>sistema de turnos<\/strong>&nbsp;de la administraci\u00f3n judicial.<\/li>\n<\/ul>\n\n\n\n<p><a href=\"https:\/\/grupomainjobs.com\/compraonline\/categoria-producto\/eim\/programa-300h-eim\/\" rel=\"nofollow noopener\" target=\"_blank\"><\/a><\/p>\n\n\n\n<div class=\"wp-block-buttons is-horizontal is-content-justification-left is-layout-flex wp-container-core-buttons-is-layout-7e5fce0a wp-block-buttons-is-layout-flex\">\n<div class=\"wp-block-button\"><a class=\"wp-block-button__link wp-element-button\" href=\"https:\/\/eimediacion.edu.es\/solicitud-admision\/\" style=\"border-radius:4px\">Quiero matricularme<\/a><\/div>\n<\/div>\n\n<\/div><\/div><\/div>\n\n<div class=\"gb-grid-column gb-grid-column-c2e61b52\"><div class=\"gb-container gb-container-c2e61b52 boton-master\"><div class=\"gb-inside-container\">\n\n<figure class=\"wp-block-embed is-type-video is-provider-youtube wp-block-embed-youtube wp-embed-aspect-16-9 wp-has-aspect-ratio\"><div class=\"wp-block-embed__wrapper\">\n<iframe loading=\"lazy\" title=\"Presentacion  curso Mediacion Civil, Mercantil y Familiar- Escuela Internacional de Mediaci\u00f3n\" width=\"1200\" height=\"675\" src=\"https:\/\/www.youtube.com\/embed\/TkIkxbzwd5I?start=3&#038;feature=oembed&#038;enablejsapi=1&#038;origin=https:\/\/eimediacion.edu.es\" frameborder=\"0\" allow=\"accelerometer; autoplay; clipboard-write; encrypted-media; gyroscope; picture-in-picture; web-share\" referrerpolicy=\"strict-origin-when-cross-origin\" allowfullscreen><\/iframe>\n<\/div><\/figure>\n\n\n<div class=\"gb-grid-wrapper gb-grid-wrapper-2c7ed107\">\n<div class=\"gb-grid-column gb-grid-column-b37a5cb5\"><div class=\"gb-container gb-container-b37a5cb5\"><div class=\"gb-inside-container\">\n<div class=\"wp-block-image is-resized\">\n<figure class=\"aligncenter size-large\"><img loading=\"lazy\" decoding=\"async\" width=\"188\" height=\"188\" src=\"https:\/\/eimediacion.edu.es\/wp-content\/uploads\/2021\/03\/calendario-programa.svg\" alt=\"Calendario Programa\" class=\"wp-image-4808\" style=\"width:30px\" title=\"\"><\/figure>\n<\/div>\n\n\n<p class=\"gb-headline gb-headline-1e9bf577 gb-headline-text\">Junio 2026<\/p>\n\n<\/div><\/div><\/div>\n\n<div class=\"gb-grid-column gb-grid-column-4278cf32\"><div class=\"gb-container gb-container-4278cf32\"><div class=\"gb-inside-container\">\n<div class=\"wp-block-image is-resized\">\n<figure class=\"aligncenter size-large\"><img loading=\"lazy\" decoding=\"async\" width=\"188\" height=\"188\" src=\"https:\/\/eimediacion.edu.es\/wp-content\/uploads\/2021\/03\/horas-programa.svg\" alt=\"Horas Programa\" class=\"wp-image-4809\" style=\"width:30px\" title=\"\"><\/figure>\n<\/div>\n\n\n<p class=\"gb-headline gb-headline-94189723 gb-headline-text\">Duraci\u00f3n: 370h. (8 meses)<\/p>\n\n<\/div><\/div><\/div>\n\n<div class=\"gb-grid-column gb-grid-column-a464fb53\"><div class=\"gb-container gb-container-a464fb53\"><div class=\"gb-inside-container\">\n<div class=\"wp-block-image is-resized\">\n<figure class=\"aligncenter size-large\"><img loading=\"lazy\" decoding=\"async\" width=\"217\" height=\"199\" src=\"https:\/\/eimediacion.edu.es\/wp-content\/uploads\/2021\/03\/matricula-programa.svg\" alt=\"Matricula Programa\" class=\"wp-image-4810\" style=\"width:30px\" title=\"\"><\/figure>\n<\/div>\n\n\n<p class=\"gb-headline gb-headline-6f429655 gb-headline-text\">Matr\u00edcula abierta<\/p>\n\n<\/div><\/div><\/div>\n\n<div class=\"gb-grid-column gb-grid-column-6d8d53d6\"><div class=\"gb-container gb-container-6d8d53d6\"><div class=\"gb-inside-container\">\n<div class=\"wp-block-image is-resized\">\n<figure class=\"aligncenter size-large\"><img loading=\"lazy\" decoding=\"async\" width=\"30\" height=\"23\" src=\"https:\/\/eimediacion.edu.es\/wp-content\/uploads\/2021\/05\/ensenanza-programa1.svg\" alt=\"\" class=\"wp-image-25190\" style=\"width:30px\" title=\"\"><\/figure>\n<\/div>\n\n\n<p class=\"gb-headline gb-headline-caa4b8e4 gb-headline-text\">Clases online en directo<\/p>\n\n<\/div><\/div><\/div>\n<\/div>\n\n\n<div class=\"wp-block-bod-modal-block bod-block-popup align-center eim-programa-descarga-dossier\"><button type=\"button\" style=\"background-color:rgba(143,46,59,1);color:#ffffff\" class=\"bod-block-popup-trigger type_btn bod-btn\">Descargar Dossier<\/button><div style=\"background-color:rgba(41,55,82,0.1)\" class=\"bod-block-popup-overlay\" data-disabled-overlay-close=\"false\" data-disabled-escape-close=\"false\"><\/div><div role=\"dialog\" aria-modal=\"false\" aria-labelledby=\"\" aria-describedby=\"\" class=\"bod-block-popup-wrap eim-programa-descarga-dossier\"><div style=\"background-color:#ffffff;border-radius:10px \" class=\"bod-block-popup size-l\" data-transition=\"fade\"><div id=\"\" style=\"background-color:rgba(143,46,59,1);text-align:left\" class=\"bod-modal-title\"><h2 style=\"color:rgba(255,255,255,1)\">Descargar Dossier<\/h2><\/div> <div id=\"\" class=\"bod-modal-content\"><div class=\"wpforms-container wpforms-container-full wpforms-block\" id=\"wpforms-27962\"><form id=\"wpforms-form-27962\" class=\"wpforms-validate wpforms-form\" data-formid=\"27962\" method=\"post\" enctype=\"multipart\/form-data\" action=\"\/cat\/wp-json\/wp\/v2\/programa\/4566\" data-token=\"507a3bf57be76a7e0f63f17f018776c0\" data-token-time=\"1777507736\"><noscript class=\"wpforms-error-noscript\">Activeu el JavaScript al navegador per a poder completar el formulari.<\/noscript><div class=\"wpforms-field-container\"><div id=\"wpforms-27962-field_1-container\" class=\"wpforms-field wpforms-field-name\" data-field-type=\"name\" data-field-id=\"1\"><label class=\"wpforms-field-label\" for=\"wpforms-27962-field_1\">Nombre <span class=\"wpforms-required-label\">*<\/span><\/label><div class=\"wpforms-field-row wpforms-field-large\"><div class=\"wpforms-field-row-block wpforms-first wpforms-one-half\"><input type=\"text\" id=\"wpforms-27962-field_1\" class=\"wpforms-field-name-first wpforms-field-required\" name=\"wpforms[fields][1][first]\" placeholder=\"Nombre\" required><label for=\"wpforms-27962-field_1\" class=\"wpforms-field-sublabel after wpforms-sublabel-hide\">Nom<\/label><\/div><div class=\"wpforms-field-row-block wpforms-one-half\"><input type=\"text\" id=\"wpforms-27962-field_1-last\" class=\"wpforms-field-name-last wpforms-field-required\" name=\"wpforms[fields][1][last]\" placeholder=\"Apellidos\" required><label for=\"wpforms-27962-field_1-last\" class=\"wpforms-field-sublabel after wpforms-sublabel-hide\">Cognoms<\/label><\/div><\/div><\/div><div id=\"wpforms-27962-field_10-container\" class=\"wpforms-field wpforms-field-layout\" data-field-type=\"layout\" data-field-id=\"10\"><div class=\"wpforms-field-layout-columns wpforms-field-layout-preset-33-33-33\"><div class=\"wpforms-layout-column wpforms-layout-column-33\" ><div id=\"wpforms-27962-field_9-container\" class=\"wpforms-field wpforms-field-phone\" data-field-type=\"phone\" data-field-id=\"9\"><label class=\"wpforms-field-label\" for=\"wpforms-27962-field_9\">Tel\u00e9fono <span class=\"wpforms-required-label\">*<\/span><\/label><input type=\"tel\" id=\"wpforms-27962-field_9\" class=\"wpforms-field-medium wpforms-field-required\" data-rule-int-phone-field=\"true\" name=\"wpforms[fields][9]\" aria-label=\"Tel\u00e9fono\" required><\/div><\/div><div class=\"wpforms-layout-column wpforms-layout-column-33\" ><div id=\"wpforms-27962-field_2-container\" class=\"wpforms-field wpforms-field-email\" data-field-type=\"email\" data-field-id=\"2\"><label class=\"wpforms-field-label\" for=\"wpforms-27962-field_2\">Correo electr\u00f3nico <span class=\"wpforms-required-label\">*<\/span><\/label><input type=\"email\" id=\"wpforms-27962-field_2\" class=\"wpforms-field-medium wpforms-field-required\" name=\"wpforms[fields][2]\" spellcheck=\"false\" required><\/div><\/div><div class=\"wpforms-layout-column wpforms-layout-column-33\" ><div id=\"wpforms-27962-field_11-container\" class=\"wpforms-field wpforms-field-text\" data-field-type=\"text\" data-field-id=\"11\"><label class=\"wpforms-field-label\" for=\"wpforms-27962-field_11\">C\u00f3digo Postal (CP) <span class=\"wpforms-required-label\">*<\/span><\/label><input type=\"text\" id=\"wpforms-27962-field_11\" class=\"wpforms-field-medium wpforms-field-required\" name=\"wpforms[fields][11]\" required><\/div><\/div><\/div><\/div><div id=\"wpforms-27962-field_4-container\" class=\"wpforms-field wpforms-field-checkbox eim-programa-dossier-gdpr\" data-field-type=\"checkbox\" data-field-id=\"4\"><label class=\"wpforms-field-label wpforms-label-hide\">Casillas de verificaci\u00f3n <span class=\"wpforms-required-label\">*<\/span><\/label><ul id=\"wpforms-27962-field_4\" class=\"wpforms-field-required\"><li class=\"choice-1 depth-1\"><input type=\"checkbox\" id=\"wpforms-27962-field_4_1\" name=\"wpforms[fields][4][]\" value=\"Doy mi consentimiento expreso y acepto la pol\u00edtica de privacidad.\" required ><label class=\"wpforms-field-label-inline\" for=\"wpforms-27962-field_4_1\">Doy mi consentimiento expreso y acepto la pol\u00edtica de privacidad.<\/label><\/li><\/ul><\/div><div id=\"wpforms-27962-field_5-container\" class=\"wpforms-field wpforms-field-hidden ck_campaign\" data-field-type=\"hidden\" data-field-id=\"5\"><input type=\"hidden\" id=\"wpforms-27962-field_5\" name=\"wpforms[fields][5]\"><\/div><div id=\"wpforms-27962-field_6-container\" class=\"wpforms-field wpforms-field-hidden ck_source\" data-field-type=\"hidden\" data-field-id=\"6\"><input type=\"hidden\" id=\"wpforms-27962-field_6\" name=\"wpforms[fields][6]\"><\/div><div id=\"wpforms-27962-field_7-container\" class=\"wpforms-field wpforms-field-hidden ck_medium\" data-field-type=\"hidden\" data-field-id=\"7\"><input type=\"hidden\" id=\"wpforms-27962-field_7\" name=\"wpforms[fields][7]\"><\/div><\/div><!-- .wpforms-field-container --><div class=\"wpforms-submit-container\" ><input type=\"hidden\" name=\"wpforms[id]\" value=\"27962\"><input type=\"hidden\" name=\"page_title\" value=\"\"><input type=\"hidden\" name=\"page_url\" value=\"https:\/\/eimediacion.edu.es\/cat\/wp-json\/wp\/v2\/programa\/4566\"><input type=\"hidden\" name=\"url_referer\" value=\"\"><button type=\"submit\" name=\"wpforms[submit]\" id=\"wpforms-submit-27962\" class=\"wpforms-submit\" data-alt-text=\"Enviando...\" data-submit-text=\"Descargar\" aria-live=\"assertive\" value=\"wpforms-submit\">Descargar<\/button><\/div><\/form><\/div>  <!-- .wpforms-container --><\/div> <\/div> <div class=\"bod-block-popup-closer\"><\/div><\/div><\/div>\n\n<\/div><\/div><\/div>\n<\/div>\n<\/div><\/div>\n\n<div class=\"gb-container gb-container-1806d450\"><div class=\"gb-inside-container\">\n<div class=\"gb-grid-wrapper gb-grid-wrapper-1cb31c13\">\n<div class=\"gb-grid-column gb-grid-column-5375cb5c\"><div class=\"gb-container gb-container-5375cb5c\"><div class=\"gb-inside-container\">\n\n<p><\/p>\n\n\n<div class=\"gb-container gb-container-0c7d4760\"><div class=\"gb-inside-container\">\n\n<h2 class=\"wp-block-heading alturaLineaProg has-contrast-color has-text-color\" id=\"descripcion\" style=\"font-size:2em\"><strong>Descripci\u00f3n del <span style=\"background-image: linear-gradient(61deg,#ffffff,#a92a3d);background-repeat: no-repeat;background-position: 0px bottom;background-size: 100% 7px;border-radius: 17px;\">curso<\/span><\/strong><\/h2>\n\n<\/div><\/div>\n\n\n<p>El Curs Universitari d\u2019Especialitzaci\u00f3 en Mediaci\u00f3 Civil, Mercantil i Familiar <strong>acreditado ante el Ministerio de Justicia <\/strong>(ID n\u00ba31835), te permitir\u00e1:<\/p>\n\n\n\n<ul class=\"wp-block-list\">\n<li>Cumplir el requisito de&nbsp;<strong>formaci\u00f3n espec\u00edfica para<\/strong>&nbsp;<strong>trabajar como mediador\/a<\/strong>&nbsp;en Espa\u00f1a.<\/li>\n\n\n\n<li>Inscribirte en el&nbsp;<strong>Registro estatal de Mediadores\/as e Instituciones de Mediaci\u00f3n del Ministerio de Justicia<\/strong>.<\/li>\n\n\n\n<li>Inscribirte en los principales&nbsp;<strong>Registros auton\u00f3micos de Mediaci\u00f3n Familiar<\/strong>.<\/li>\n\n\n\n<li>Acceder al&nbsp;<strong>sistema de turnos<\/strong>&nbsp;de la administraci\u00f3n judicial.<\/li>\n<\/ul>\n\n\n\n<p>Con este curso<strong>\u00a0d\u2019Especialitzaci\u00f3 en Mediaci\u00f3 Civil, Mercantil i Familiar<\/strong> acreditado por el\u00a0<strong>Centre de Mediaci\u00f3 de Catalunya<\/strong> podr\u00e1s obtener una doble titulaci\u00f3n:<\/p>\n\n\n\n<ul class=\"wp-block-list\">\n<li>T\u00edtulo propio expedido por la\u00a0<strong>Escuela Internacional de Mediaci\u00f3n<\/strong>\u00a0acreditado por el Ministerio de Justicia<\/li>\n\n\n\n<li>T\u00edtulo propio universitario expedido por la\u00a0<strong>Universidad Vitoria-Gast\u00e9iz<\/strong>\u00a0(EUNEIZ)<\/li>\n<\/ul>\n\n\n\n<p>De manera exclusiva, EIM, te proporciona el&nbsp;<strong><a href=\"https:\/\/eimediacion.edu.es\/harvard-certification\/\" target=\"_blank\" rel=\"noreferrer noopener\">Certificado Harvard ManageMentor Leadership por Harvard Business Impact<\/a>:&nbsp;<\/strong>Desarrollar\u00e1s competencias clave como<strong>&nbsp;liderazgo, negociaci\u00f3n, trabajo en equipo y gesti\u00f3n de conflictos,<\/strong>&nbsp;con una visi\u00f3n global y orientada a la excelencia profesional.<\/p>\n\n\n<div class=\"gb-container gb-container-244d905c\"><div class=\"gb-inside-container\">\n\n<h2 class=\"wp-block-heading alturaLineaProg has-contrast-color has-text-color\" id=\"plan-de-estudios\" style=\"font-size:2em;letter-spacing:-3px\"><strong>Plan  de <span style=\"background-image: linear-gradient(61deg,#ffffff,#a92a3d);background-repeat: no-repeat;background-position: 0px bottom;background-size: 100% 7px;border-radius: 17px;\">estudios<\/span><\/strong><\/h2>\n\n<\/div><\/div>\n\n\n<p>La Escuela Internacional de Mediaci\u00f3n basa sus programas en:<\/p>\n\n\n\n<ul class=\"wp-block-list\">\n<li>Las&nbsp;<strong>competencias profesionales<\/strong>&nbsp;(generales, transversales y espec\u00edficas)&nbsp;<strong>que debe tener todo\/a mediador\/a<\/strong>&nbsp;para intervenir en conflictos desde instituciones p\u00fablicas o privadas.<\/li>\n\n\n\n<li>Los&nbsp;<strong>requisitos establecidos en la normativa estatal de mediaci\u00f3n civil y mercantil y<\/strong>&nbsp;las diferentes&nbsp;<strong>normativas auton\u00f3micas<\/strong>&nbsp;sobre mediaci\u00f3n familiar.<\/li>\n<\/ul>\n\n\n\n<p>Asimismo, la formaci\u00f3n se estructura en asignaturas que son evaluadas de forma independiente, en las que la metodolog\u00eda de trabajo es muy pr\u00e1ctica, de forma que se fomenta activamente la participaci\u00f3n del alumnado. Una metodolog\u00eda flexible 100 % donde el alumnado puede compaginarlo con cualquier actividad paralela.&nbsp;<\/p>\n\n\n\n<p><strong>Curs d\u2019Especialitzaci\u00f3 en Mediaci\u00f3 Civil, Mercantil i Familiar<\/strong>:&nbsp;<\/p>\n\n\n\n<div class=\"wp-block-pb-accordion-item c-accordion__item js-accordion-item no-js\" data-initially-open=\"false\" data-click-to-close=\"true\" data-auto-close=\"false\" data-scroll=\"false\" data-scroll-offset=\"0\"><h5 id=\"at-45660\" class=\"c-accordion__title js-accordion-controller\" role=\"button\">Bloque de Formaci\u00f3n General<\/h5><div id=\"ac-45660\" class=\"c-accordion__content\">\n<figure class=\"wp-block-table is-style-stripes\"><table><thead><tr><th>ASIGNATURAS<\/th><\/tr><\/thead><tbody><tr><td>Asignatura 1. Aspectos psicol\u00f3gicos, pedag\u00f3gicos y sociales del conflicto<\/td><\/tr><tr><td>Asignatura 2. La mediaci\u00f3n como sistema de gesti\u00f3n de conflictos en el \u00e1mbito familiar, civil y mercantil<\/td><\/tr><tr><td>Asignatura 3. Otros \u00e1mbitos de aplicaci\u00f3n de la mediaci\u00f3n<\/td><\/tr><tr><td>Asignatura 4. Aspectos jur\u00eddicos y econ\u00f3micos de los conflictos<\/td><\/tr><\/tbody><\/table><\/figure>\n<\/div><\/div>\n\n\n\n<div class=\"wp-block-pb-accordion-item c-accordion__item js-accordion-item no-js\" data-initially-open=\"false\" data-click-to-close=\"true\" data-auto-close=\"false\" data-scroll=\"false\" data-scroll-offset=\"0\"><h5 id=\"at-45661\" class=\"c-accordion__title js-accordion-controller\" role=\"button\">Bloque de Formaci\u00f3n Espec\u00edfica en Mediaci\u00f3n Familiar<\/h5><div id=\"ac-45661\" class=\"c-accordion__content\">\n<figure class=\"wp-block-table is-style-stripes\"><table><thead><tr><th>ASIGNATURAS<\/th><\/tr><\/thead><tbody><tr><td>Asignatura 5. Mediaci\u00f3n familiar<\/td><\/tr><\/tbody><\/table><\/figure>\n<\/div><\/div>\n\n\n\n<div class=\"wp-block-pb-accordion-item c-accordion__item js-accordion-item no-js\" data-initially-open=\"false\" data-click-to-close=\"true\" data-auto-close=\"false\" data-scroll=\"false\" data-scroll-offset=\"0\"><h5 id=\"at-45662\" class=\"c-accordion__title js-accordion-controller\" role=\"button\">Bloque de Formaci\u00f3n Espec\u00edfica en Mediaci\u00f3n en los \u00c1mbitos del Derecho Privado<\/h5><div id=\"ac-45662\" class=\"c-accordion__content\">\n<figure class=\"wp-block-table is-style-stripes\"><table><thead><tr><th>ASIGNATURAS<\/th><\/tr><\/thead><tbody><tr><td>Asignatura 6. La mediaci\u00f3n en el contexto de las comunidades, organizaciones, empresas y otros \u00e1mbitos del derecho privado. Aspectos espec\u00edficos<\/td><\/tr><tr><td>Asignatura 7. La tipolog\u00eda de los conflictos en los \u00e1mbitos del derecho privado<\/td><\/tr><tr><td>Asignatura 8. Metodolog\u00eda y etapas del proceso de mediaci\u00f3n en los \u00e1mbitos del derecho privado<\/td><\/tr><tr><td>Asignatura 9. Nociones sobre la regulaci\u00f3n jur\u00eddica b\u00e1sica relacionadas con la mediaci\u00f3n en los \u00e1mbitos del derecho privado<\/td><\/tr><\/tbody><\/table><\/figure>\n<\/div><\/div>\n\n\n<div class=\"gb-container gb-container-994dc685\"><div class=\"gb-inside-container\">\n\n<h2 class=\"wp-block-heading alturaLineaProg has-contrast-color has-text-color\" id=\"metodologia\" style=\"font-size:2em\"><strong>Metodolog\u00eda del <span style=\"background-image: linear-gradient(61deg,#ffffff,#a92a3d);background-repeat: no-repeat;background-position: 0px bottom;background-size: 100% 7px;border-radius: 17px;\">curso<\/span><\/strong><\/h2>\n\n<\/div><\/div>\n\n\n<p class=\"enlace\">El curso se impartir\u00e1 de forma pr\u00e1ctica a trav\u00e9s de la plataforma de teleformaci\u00f3n&nbsp;<a rel=\"noreferrer noopener\" href=\"http:\/\/campus.eimediacion.edu.es\/\" target=\"_blank\">Campus EIM Mediaci\u00f3n<\/a>. La impartici\u00f3n es&nbsp;<strong>100% online<\/strong>, siendo de las 370 horas de formaci\u00f3n, 90 horas de pr\u00e1cticas online. A continuaci\u00f3n, destacamos las principales caracter\u00edsticas de nuestra metodolog\u00eda:<\/p>\n\n\n\n<ul class=\"wp-block-list\">\n<li><strong>V\u00eddeo-clases:<\/strong>&nbsp;Podr\u00e1s ver las clases siempre que quieras y tantas veces como necesites.<\/li>\n\n\n\n<li><strong>Sesiones online en directo<\/strong>&nbsp;con el equipo acad\u00e9mico.<\/li>\n\n\n\n<li><strong>Seguimiento y asistencia<\/strong>&nbsp;con los&nbsp;distintos&nbsp;tutores de cada una de las asignaturas.&nbsp;<\/li>\n\n\n\n<li><strong>Campus virtual:<\/strong>&nbsp;Todo lo que necesitas para formarte como un profesional de la mediaci\u00f3n lo tienes en el campus de EIM: las masterclass, los profesores\/as, los compa\u00f1eros\/as, la biblioteca, recursos did\u00e1cticos, horarios, chat, foros y mucho m\u00e1s desde tu ordenador, tablet o m\u00f3vil.<\/li>\n\n\n\n<li><strong>Recursos did\u00e1cticos:<\/strong>&nbsp;Tendr\u00e1s acceso a distintos recursos de aprendizaje para completar tu formaci\u00f3n, lecturas complementarias, esquemas con las ideas claves, test de autoevaluaci\u00f3n, etc.<\/li>\n\n\n\n<li><strong>Resoluci\u00f3n de dudas:<\/strong>&nbsp;Podr\u00e1s plantear las dudas que te surjan durante el estudio o realizaci\u00f3n de las pr\u00e1cticas a trav\u00e9s de la plataforma online, mediante foro o mensajer\u00eda interna que proporciona la plataforma, y por correo electr\u00f3nico.<\/li>\n<\/ul>\n\n\n<div class=\"gb-container gb-container-4ec49194\"><div class=\"gb-inside-container\">\n\n<h2 class=\"wp-block-heading alturaLineaProg has-contrast-color has-text-color\" id=\"claustro\"><strong>Claustro del <span style=\"background-image: linear-gradient(61deg,#ffffff,#a92a3d);background-repeat: no-repeat;background-position: 0px bottom;background-size: 100% 7px;border-radius: 17px;\">curso<\/span><\/strong><\/h2>\n\n<\/div><\/div>\n\n\n<p>El claustro de EIM est\u00e1 compuesto por profesionales con amplia experiencia profesional y docente en el \u00e1rea de la mediaci\u00f3n.<\/p>\n\n\n<div class=\"gb-container gb-container-eda50abd\">\n\n<div class=\"wp-block-cb-carousel\" data-slick=\"{&quot;slidesToShow&quot;:2,&quot;slidesToScroll&quot;:2,&quot;speed&quot;:300,&quot;arrows&quot;:true,&quot;dots&quot;:false,&quot;autoplay&quot;:false,&quot;autoplaySpeed&quot;:3000,&quot;infinite&quot;:false,&quot;responsive&quot;:[{&quot;breakpoint&quot;:1065,&quot;settings&quot;:{&quot;slidesToShow&quot;:1,&quot;slidesToScroll&quot;:1}}]}\">\n<div class=\"wp-block-cb-slide\">\n<div class=\"gb-grid-wrapper gb-grid-wrapper-47f39520 gb-query-loop-wrapper\">\n<div class=\"gb-grid-column gb-grid-column-30ea09d7 gb-query-loop-item post-2756 experto type-experto status-publish has-post-thumbnail hentry tipo_experto-claustro\"><div class=\"gb-container gb-container-30ea09d7\">\n<div class=\"gb-container gb-container-1f91d053\">\n<figure class=\"gb-block-image gb-block-image-242d862d\"><a href=\"https:\/\/eimediacion.edu.es\/cat\/experto\/dna-emilia-ramirez-campana\/\"><img loading=\"lazy\" decoding=\"async\" width=\"150\" height=\"152\" src=\"https:\/\/eimediacion.edu.es\/wp-content\/uploads\/2021\/03\/emilia-ramirez-campana.jpg\" class=\"gb-image-242d862d\" alt=\"Emilia Ramirez Campana\" title=\"\"><\/a><\/figure>\n\n<h2 class=\"gb-headline gb-headline-3a60eb59 gb-headline-text\">Emilia Ram\u00edrez Campa\u00f1a<\/h2>\n\n<p class=\"gb-headline gb-headline-219c77e2 gb-headline-text\">Socia fundadora de ER Abogados. Abogada y mediadora especialista en derecho civil<\/p>\n\n<a class=\"gb-button gb-button-3269354b gb-button-text\" href=\"https:\/\/eimediacion.edu.es\/cat\/experto\/dna-emilia-ramirez-campana\/\">Conocer m\u00e1s<\/a>\n<\/div>\n<\/div><\/div>\n<\/div>\n<\/div>\n\n\n\n<div class=\"wp-block-cb-slide\">\n<div class=\"gb-grid-wrapper gb-grid-wrapper-113fac26 gb-query-loop-wrapper\"><\/div>\n<\/div>\n\n\n\n<div class=\"wp-block-cb-slide\">\n<div class=\"gb-grid-wrapper gb-grid-wrapper-60a72315 gb-query-loop-wrapper\">\n<div class=\"gb-grid-column gb-grid-column-555425dc gb-query-loop-item post-4461 experto type-experto status-publish has-post-thumbnail hentry tipo_experto-claustro\"><div class=\"gb-container gb-container-555425dc\">\n<div class=\"gb-container gb-container-a296e6ec\">\n<figure class=\"gb-block-image gb-block-image-1bd0ba7f\"><a href=\"https:\/\/eimediacion.edu.es\/cat\/experto\/dna-blanca-barredo-gutierrez-2\/\"><img loading=\"lazy\" decoding=\"async\" width=\"150\" height=\"152\" src=\"https:\/\/eimediacion.edu.es\/wp-content\/uploads\/2021\/03\/blanca-barredo-gutierrez.jpeg\" class=\"gb-image-1bd0ba7f\" alt=\"Blanca Barredo Gutie\u0301rrez\" title=\"\"><\/a><\/figure>\n\n<h2 class=\"gb-headline gb-headline-e41b2b81 gb-headline-text\">Blanca Barredo Guti\u00e9rrez<\/h2>\n\n<p class=\"gb-headline gb-headline-0e9c6327 gb-headline-text\">Socia fundadora, mediadora &#038; ADR y abogada colaborativa en IMI (Instituto de Mediaci\u00f3n Integral)<\/p>\n\n<a class=\"gb-button gb-button-5d2a1a7a gb-button-text\" href=\"https:\/\/eimediacion.edu.es\/cat\/experto\/dna-blanca-barredo-gutierrez-2\/\">Conocer m\u00e1s<\/a>\n<\/div>\n<\/div><\/div>\n<\/div>\n<\/div>\n\n\n\n<div class=\"wp-block-cb-slide\">\n<div class=\"gb-grid-wrapper gb-grid-wrapper-33f2d73c gb-query-loop-wrapper\"><\/div>\n<\/div>\n\n\n\n<div class=\"wp-block-cb-slide\">\n<div class=\"gb-grid-wrapper gb-grid-wrapper-45e9a826 gb-query-loop-wrapper\">\n<div class=\"gb-grid-column gb-grid-column-32669a11 gb-query-loop-item post-3408 experto type-experto status-publish has-post-thumbnail hentry tipo_experto-claustro\"><div class=\"gb-container gb-container-32669a11\">\n<div class=\"gb-container gb-container-7cadeab0\">\n<figure class=\"gb-block-image gb-block-image-43f085bb\"><a href=\"https:\/\/eimediacion.edu.es\/cat\/experto\/juan-diego-mata-chacon\/\"><img loading=\"lazy\" decoding=\"async\" width=\"150\" height=\"152\" src=\"https:\/\/eimediacion.edu.es\/wp-content\/uploads\/2021\/03\/juan-diego-mata-chacon.jpg\" class=\"gb-image-43f085bb\" alt=\"Juan Diego Mata Chacon\" title=\"\"><\/a><\/figure>\n\n<h2 class=\"gb-headline gb-headline-953ab627 gb-headline-text\">Juan Diego Mata Chac\u00f3n<\/h2>\n\n<p class=\"gb-headline gb-headline-0b09c36f gb-headline-text\">Conflict Managment especializado en mediaci\u00f3n en red (ODR). Presidente de AMEFA<\/p>\n\n<a class=\"gb-button gb-button-b53db9d6 gb-button-text\" href=\"https:\/\/eimediacion.edu.es\/cat\/experto\/juan-diego-mata-chacon\/\">Conocer m\u00e1s<\/a>\n<\/div>\n<\/div><\/div>\n<\/div>\n<\/div>\n\n\n\n<div class=\"wp-block-cb-slide\">\n<div class=\"gb-grid-wrapper gb-grid-wrapper-39fa4479 gb-query-loop-wrapper\">\n<div class=\"gb-grid-column gb-grid-column-f7fb3ae4 gb-query-loop-item post-3460 experto type-experto status-publish has-post-thumbnail hentry tipo_experto-claustro\"><div class=\"gb-container gb-container-f7fb3ae4\">\n<div class=\"gb-container gb-container-0b0550ae\">\n<figure class=\"gb-block-image gb-block-image-5f0c885e\"><a href=\"https:\/\/eimediacion.edu.es\/cat\/experto\/javier-ales-sioli\/\"><img loading=\"lazy\" decoding=\"async\" width=\"150\" height=\"152\" src=\"https:\/\/eimediacion.edu.es\/wp-content\/uploads\/2020\/12\/javier-ales-sioli.jpg\" class=\"gb-image-5f0c885e\" alt=\"Javier Al\u00e9s Sioli\" title=\"\"><\/a><\/figure>\n\n<h2 class=\"gb-headline gb-headline-5201225f gb-headline-text\">Javier Al\u00e9s Sioli<\/h2>\n\n<p class=\"gb-headline gb-headline-d6f05ade gb-headline-text\">Fundador y Director del Foro Internacional de Mediadores Profesionales (FIMEP)<\/p>\n\n<a class=\"gb-button gb-button-91def905 gb-button-text\" href=\"https:\/\/eimediacion.edu.es\/cat\/experto\/javier-ales-sioli\/\">Conocer m\u00e1s<\/a>\n<\/div>\n<\/div><\/div>\n<\/div>\n<\/div>\n\n\n\n<div class=\"wp-block-cb-slide\">\n<div class=\"gb-grid-wrapper gb-grid-wrapper-fcfe4dad gb-query-loop-wrapper\">\n<div class=\"gb-grid-column gb-grid-column-d7062a2a gb-query-loop-item post-7948 experto type-experto status-publish has-post-thumbnail hentry tipo_experto-claustro\"><div class=\"gb-container gb-container-d7062a2a\">\n<div class=\"gb-container gb-container-a9b11451\">\n<figure class=\"gb-block-image gb-block-image-928e8b72\"><a href=\"https:\/\/eimediacion.edu.es\/cat\/experto\/dna-paloma-ales-hermosa\/\"><img loading=\"lazy\" decoding=\"async\" width=\"150\" height=\"152\" src=\"https:\/\/eimediacion.edu.es\/wp-content\/uploads\/2021\/04\/paloma-ales.jpg\" class=\"gb-image-928e8b72\" alt=\"\" title=\"\"><\/a><\/figure>\n\n<h2 class=\"gb-headline gb-headline-c1968cce gb-headline-text\">Paloma Al\u00e9s Hermosa<\/h2>\n\n<p class=\"gb-headline gb-headline-d85a764a gb-headline-text\">Abogada experta en Derecho P\u00fablico. Coord. Servicio Mediaci\u00f3n Comunitaria Ayto. de Sevilla.<\/p>\n\n<a class=\"gb-button gb-button-2ad40efa gb-button-text\" href=\"https:\/\/eimediacion.edu.es\/cat\/experto\/dna-paloma-ales-hermosa\/\">Conocer m\u00e1s<\/a>\n<\/div>\n<\/div><\/div>\n<\/div>\n<\/div>\n\n\n\n<div class=\"wp-block-cb-slide\">\n<div class=\"gb-grid-wrapper gb-grid-wrapper-803fd96a gb-query-loop-wrapper\">\n<div class=\"gb-grid-column gb-grid-column-d30af5a1 gb-query-loop-item post-2763 experto type-experto status-publish has-post-thumbnail hentry tipo_experto-claustro\"><div class=\"gb-container gb-container-d30af5a1\">\n<div class=\"gb-container gb-container-d8d5d356\">\n<figure class=\"gb-block-image gb-block-image-1fa6af94\"><a href=\"https:\/\/eimediacion.edu.es\/cat\/experto\/dna-rocio-cordero-belda\/\"><img loading=\"lazy\" decoding=\"async\" width=\"150\" height=\"152\" src=\"https:\/\/eimediacion.edu.es\/wp-content\/uploads\/2020\/12\/rocio-cordero-belda.jpg\" class=\"gb-image-1fa6af94\" alt=\"\" title=\"\"><\/a><\/figure>\n\n<h2 class=\"gb-headline gb-headline-d539b6da gb-headline-text\">Roc\u00edo Cordero Belda<\/h2>\n\n<p class=\"gb-headline gb-headline-95404483 gb-headline-text\">Coordinadora del \u00c1rea de Psicolog\u00eda y Mediaci\u00f3n del Colegio Oficial de Psicolog\u00eda de Andaluc\u00eda Occidental<\/p>\n\n<a class=\"gb-button gb-button-35e54353 gb-button-text\" href=\"https:\/\/eimediacion.edu.es\/cat\/experto\/dna-rocio-cordero-belda\/\">Conocer m\u00e1s<\/a>\n<\/div>\n<\/div><\/div>\n<\/div>\n<\/div>\n\n\n\n<div class=\"wp-block-cb-slide\">\n<div class=\"gb-grid-wrapper gb-grid-wrapper-f46e3325 gb-query-loop-wrapper\">\n<div class=\"gb-grid-column gb-grid-column-c1813a39 gb-query-loop-item post-3333 experto type-experto status-publish has-post-thumbnail hentry tipo_experto-claustro\"><div class=\"gb-container gb-container-c1813a39\">\n<div class=\"gb-container gb-container-67234bca\">\n<figure class=\"gb-block-image gb-block-image-eb7f2102\"><a href=\"https:\/\/eimediacion.edu.es\/cat\/experto\/dna-eva-cabra-vazquez\/\"><img loading=\"lazy\" decoding=\"async\" width=\"150\" height=\"152\" src=\"https:\/\/eimediacion.edu.es\/wp-content\/uploads\/2020\/12\/eva-cabra-vazquez.jpg\" class=\"gb-image-eb7f2102\" alt=\"Eva Cabra Va\u0301zquez\" title=\"\"><\/a><\/figure>\n\n<h2 class=\"gb-headline gb-headline-c1945c94 gb-headline-text\">Eva Cabra V\u00e1zquez<\/h2>\n\n<p class=\"gb-headline gb-headline-d0e8494f gb-headline-text\">Vicedecana del Colegio Oficial de Psicolog\u00eda Oriental y vocal de Mediaci\u00f3n<\/p>\n\n<a class=\"gb-button gb-button-9704ad5c gb-button-text\" href=\"https:\/\/eimediacion.edu.es\/cat\/experto\/dna-eva-cabra-vazquez\/\">Conocer m\u00e1s<\/a>\n<\/div>\n<\/div><\/div>\n<\/div>\n<\/div>\n\n\n\n<div class=\"wp-block-cb-slide\">\n<div class=\"gb-grid-wrapper gb-grid-wrapper-c77594c3 gb-query-loop-wrapper\">\n<div class=\"gb-grid-column gb-grid-column-5c038b1f gb-query-loop-item post-2769 experto type-experto status-publish has-post-thumbnail hentry tipo_experto-claustro\"><div class=\"gb-container gb-container-5c038b1f\">\n<div class=\"gb-container gb-container-4635c2ad\">\n<figure class=\"gb-block-image gb-block-image-e79b5b1c\"><a href=\"https:\/\/eimediacion.edu.es\/cat\/experto\/d-jordi-casajoana-feliu\/\"><img loading=\"lazy\" decoding=\"async\" width=\"150\" height=\"152\" src=\"https:\/\/eimediacion.edu.es\/wp-content\/uploads\/2020\/12\/jordi-casajoana.jpg\" class=\"gb-image-e79b5b1c\" alt=\"\" title=\"\"><\/a><\/figure>\n\n<h2 class=\"gb-headline gb-headline-39d6ecfe gb-headline-text\">Jordi Casajoana Feliu<\/h2>\n\n<p class=\"gb-headline gb-headline-b8291a2e gb-headline-text\">Presidente y fundador de la Comisi\u00f3n de Mediaci\u00f3n del Ilustre Colegio de Abogados de Barcelona<\/p>\n\n<a class=\"gb-button gb-button-92e9df38 gb-button-text\" href=\"https:\/\/eimediacion.edu.es\/cat\/experto\/d-jordi-casajoana-feliu\/\">Conocer m\u00e1s<\/a>\n<\/div>\n<\/div><\/div>\n<\/div>\n<\/div>\n\n\n\n<div class=\"wp-block-cb-slide\">\n<div class=\"gb-grid-wrapper gb-grid-wrapper-f0efb75b gb-query-loop-wrapper\">\n<div class=\"gb-grid-column gb-grid-column-eeeb7bd3 gb-query-loop-item post-2536 experto type-experto status-publish has-post-thumbnail hentry tipo_experto-claustro\"><div class=\"gb-container gb-container-eeeb7bd3\">\n<div class=\"gb-container gb-container-eb466534\">\n<figure class=\"gb-block-image gb-block-image-3d71ce35\"><a href=\"https:\/\/eimediacion.edu.es\/cat\/experto\/dna-gabriela-ales-hermosa\/\"><img loading=\"lazy\" decoding=\"async\" width=\"150\" height=\"152\" src=\"https:\/\/eimediacion.edu.es\/wp-content\/uploads\/2020\/12\/gabriela-ales-hermosa-1.jpg\" class=\"gb-image-3d71ce35\" alt=\"\" title=\"\"><\/a><\/figure>\n\n<h2 class=\"gb-headline gb-headline-4bcbe0f2 gb-headline-text\">Gabriela Al\u00e9s Hermosa<\/h2>\n\n<p class=\"gb-headline gb-headline-8ff4b1cb gb-headline-text\">Doctora en Derecho por la UB. Directora Acad\u00e9mica de la Escuela Internacional de Mediaci\u00f3n<\/p>\n\n<a class=\"gb-button gb-button-b0eada14 gb-button-text\" href=\"https:\/\/eimediacion.edu.es\/cat\/experto\/dna-gabriela-ales-hermosa\/\">Conocer m\u00e1s<\/a>\n<\/div>\n<\/div><\/div>\n<\/div>\n<\/div>\n<\/div>\n\n<\/div>\n\n<div class=\"gb-container gb-container-7b2785bc\"><div class=\"gb-inside-container\">\n\n<h2 class=\"wp-block-heading alturaLineaProg has-contrast-color has-text-color\" id=\"titulacion\"><strong>Titulaci\u00f3n del <span style=\"background-image: linear-gradient(61deg,#ffffff,#a92a3d);background-repeat: no-repeat;background-position: 0px bottom;background-size: 100% 7px;border-radius: 17px;\">curso<\/span><\/strong><\/h2>\n\n<\/div><\/div>\n\n\n<ul class=\"wp-block-list\">\n<li>La titulaci\u00f3n acad\u00e9mica otorgada por la&nbsp;<strong>Escuela Internacional de Mediaci\u00f3n<\/strong><\/li>\n\n\n\n<li>Acreditado por el&nbsp;<strong>Centre de Mediaci\u00f3 de Catalunya<\/strong><\/li>\n<\/ul>\n\n\n\n<p>Asimismo, la Escuela comunica al Ministerio de Justicia el listado de participantes que han superado el programa formativo.<\/p>\n\n\n\n<p>Modelo certificado:<\/p>\n\n\n<div class=\"gb-container gb-container-5519a943\"><div class=\"gb-inside-container\">\n<div class=\"gb-grid-wrapper gb-grid-wrapper-8a08ca8d\">\n<div class=\"gb-grid-column gb-grid-column-1146c1d0\"><div class=\"gb-container gb-container-1146c1d0\"><div class=\"gb-inside-container\">\n\n<figure class=\"wp-block-image size-large\"><img loading=\"lazy\" decoding=\"async\" width=\"1024\" height=\"724\" src=\"https:\/\/eimediacion.edu.es\/wp-content\/uploads\/2023\/01\/titulo-especialista-300-catalunya-anvrs-eim-1024x724.jpg\" alt=\"Titulo Especialista 300 Catalunya Anvrs Eim\" class=\"wp-image-36481\" title=\"\" srcset=\"https:\/\/eimediacion.edu.es\/wp-content\/uploads\/2023\/01\/titulo-especialista-300-catalunya-anvrs-eim-1024x724.jpg 1024w, https:\/\/eimediacion.edu.es\/wp-content\/uploads\/2023\/01\/titulo-especialista-300-catalunya-anvrs-eim-246x174.jpg 246w, https:\/\/eimediacion.edu.es\/wp-content\/uploads\/2023\/01\/titulo-especialista-300-catalunya-anvrs-eim-768x543.jpg 768w, https:\/\/eimediacion.edu.es\/wp-content\/uploads\/2023\/01\/titulo-especialista-300-catalunya-anvrs-eim-1536x1086.jpg 1536w, https:\/\/eimediacion.edu.es\/wp-content\/uploads\/2023\/01\/titulo-especialista-300-catalunya-anvrs-eim.jpg 1754w\" sizes=\"auto, (max-width: 1024px) 100vw, 1024px\" \/><\/figure>\n\n<\/div><\/div><\/div>\n\n<div class=\"gb-grid-column gb-grid-column-a599ef4b\"><div class=\"gb-container gb-container-a599ef4b\"><div class=\"gb-inside-container\">\n\n<figure class=\"wp-block-image size-large\"><img loading=\"lazy\" decoding=\"async\" width=\"1024\" height=\"724\" src=\"https:\/\/eimediacion.edu.es\/wp-content\/uploads\/2020\/12\/especialista-300-catalunya-revers-1024x724.jpg\" alt=\"Especialista 300 Catalunya Revers\" class=\"wp-image-3702\" title=\"\" srcset=\"https:\/\/eimediacion.edu.es\/wp-content\/uploads\/2020\/12\/especialista-300-catalunya-revers-1024x724.jpg 1024w, https:\/\/eimediacion.edu.es\/wp-content\/uploads\/2020\/12\/especialista-300-catalunya-revers-246x174.jpg 246w, https:\/\/eimediacion.edu.es\/wp-content\/uploads\/2020\/12\/especialista-300-catalunya-revers-768x543.jpg 768w, https:\/\/eimediacion.edu.es\/wp-content\/uploads\/2020\/12\/especialista-300-catalunya-revers-1536x1086.jpg 1536w, https:\/\/eimediacion.edu.es\/wp-content\/uploads\/2020\/12\/especialista-300-catalunya-revers-535x378.jpg 535w, https:\/\/eimediacion.edu.es\/wp-content\/uploads\/2020\/12\/especialista-300-catalunya-revers.jpg 1754w\" sizes=\"auto, (max-width: 1024px) 100vw, 1024px\" \/><\/figure>\n\n<\/div><\/div><\/div>\n\n<div class=\"gb-grid-column gb-grid-column-860848b6\"><div class=\"gb-container gb-container-860848b6\">\n<div class=\"gb-grid-wrapper gb-grid-wrapper-33e2c342\">\n<div class=\"gb-grid-column gb-grid-column-25a7508e\"><div class=\"gb-container gb-container-25a7508e\">\n<div class=\"wp-block-image\">\n<figure class=\"aligncenter size-full is-resized\"><img decoding=\"async\" src=\"https:\/\/eiposgrados.com\/wp-content\/uploads\/2023\/11\/hbpe-logo.png\" alt=\"Hbpe Logo\" class=\"wp-image-92518\" style=\"aspect-ratio:2.192825112107623;object-fit:contain;width:200px;height:auto\" title=\"\"><\/figure>\n<\/div>\n<\/div><\/div>\n\n<div class=\"gb-grid-column gb-grid-column-18967ffa\"><div class=\"gb-container gb-container-18967ffa\">\n\n<p class=\"gb-headline gb-headline-bcd67750 gb-headline-text\">Incluye certificaci\u00f3n en Habilidades Directivas por Harvard Business Impact<\/p>\n\n<\/div><\/div>\n<\/div>\n<\/div><\/div>\n<\/div>\n<\/div><\/div>\n\n<div class=\"gb-container gb-container-6c0e2b03\"><div class=\"gb-inside-container\">\n\n<h2 class=\"wp-block-heading alturaLineaProg has-contrast-color has-text-color\" id=\"matriculas-y-becas\"><strong>Matr\u00edculas y <span style=\"background-image: linear-gradient(61deg,#ffffff,#a92a3d);background-repeat: no-repeat;background-position: 0px bottom;background-size: 100% 7px;border-radius: 17px;\">becas<\/span><\/strong><\/h2>\n\n<\/div><\/div>\n\n<div class=\"gb-container gb-container-ca2670f0\"><div class=\"gb-inside-container\">\n\n<h2 class=\"gb-headline gb-headline-2c0d4a84 gb-headline-text\">Formas de pago<\/h2>\n\n\n\n<p>Ofrecemos facilidades de pago para que puedas formarte sin preocuparte por nada. Consulta con nuestro equipo de admisiones y te ayudar\u00e1n a elegir la mejor opci\u00f3n para ti. <\/p>\n\n\n<div class=\"gb-grid-wrapper gb-grid-wrapper-5be312f8\">\n<div class=\"gb-grid-column gb-grid-column-a464ad90\"><div class=\"gb-container gb-container-a464ad90\"><div class=\"gb-inside-container\">\n\n<h3 class=\"gb-headline gb-headline-45129e2a gb-headline-text\"><strong>Pago \u00fanico<\/strong><\/h3>\n\n\n\n<p class=\"gb-headline gb-headline-c2946a53 gb-headline-text\">(con descuento sobre el precio)<\/p>\n\n<\/div><\/div><\/div>\n\n<div class=\"gb-grid-column gb-grid-column-85e68c7a\"><div class=\"gb-container gb-container-85e68c7a\"><div class=\"gb-inside-container\">\n\n<h3 class=\"gb-headline gb-headline-d5e7dc97 gb-headline-text\"><strong>Pago en cuotas<\/strong><\/h3>\n\n\n\n<p class=\"gb-headline gb-headline-3c84b36b gb-headline-text\">financiaci\u00f3n a medida<\/p>\n\n<\/div><\/div><\/div>\n<\/div>\n\n\n<p class=\"gb-headline gb-headline-f0482611 gb-headline-text\">\u00bfLo tienes claro? A\u00fan quedan plazas disponibles para la nueva convocatoria.<\/p>\n\n\n<div class=\"gb-container gb-container-ea444ef2\"><div class=\"gb-inside-container\">\n<div class=\"gb-button-wrapper gb-button-wrapper-14a8247d\">\n\n<a class=\"gb-button gb-button-38067d01 gb-button-text\" href=\"https:\/\/api.whatsapp.com\/send?phone=34661677229\" target=\"_blank\" rel=\"noopener noreferrer nofollow\"><meta charset=\"utf-8\">Consulta a nuestro equipo de admisiones todas las formas de pago y becas sin compromiso<\/a>\n\n<\/div>\n<\/div><\/div>\n<\/div><\/div>\n\n\n<div style=\"height:54px\" aria-hidden=\"true\" class=\"wp-block-spacer\"><\/div>\n\n\n\n<h3 class=\"wp-block-heading has-text-color\" id=\"becas-disponibles\" style=\"color:#000000\">Becas disponibles<\/h3>\n\n\n\n<p>Nuestra misi\u00f3n es tu progreso, por eso nos adaptamos a cualquier situaci\u00f3n y te ofrecemos estas becas para que puedas formarte con nosotros.<\/p>\n\n\n<div class=\"gb-grid-wrapper gb-grid-wrapper-f4b3cb02\">\n<div class=\"gb-grid-column gb-grid-column-4fd0132b\"><div class=\"gb-container gb-container-4fd0132b\"><div class=\"gb-inside-container\">\n<div class=\"gb-button-wrapper gb-button-wrapper-b154625e\">\n\n<a class=\"gb-button gb-button-eee948d5 gb-button-text\" href=\"https:\/\/eimediacion.edu.es\/nuestras-becas\/\" target=\"_blank\" rel=\"noopener noreferrer\">Consulta nuestras becas<\/a>\n\n<\/div>\n<\/div><\/div><\/div>\n\n<div class=\"gb-grid-column gb-grid-column-e09b4c4e\"><div class=\"gb-container gb-container-e09b4c4e\"><div class=\"gb-inside-container\"><\/div><\/div><\/div>\n<\/div>\n\n\n<p>Consulta con nuestros asesores y te informar\u00e1n de cu\u00e1l es la beca que mejor se adapta a tu perfil.<\/p>\n\n<\/div><\/div><\/div>\n\n<div class=\"gb-grid-column gb-grid-column-f5b26f5a\"><div class=\"gb-container gb-container-f5b26f5a\" id=\"formulario\"><div class=\"gb-inside-container\">\n<div class=\"gb-container gb-container-d0f951b9\" id=\"formulario\"><div class=\"gb-inside-container\">\n<div class=\"gb-container gb-container-b18fa678\"><div class=\"gb-inside-container\">\n\n<h2 class=\"gb-headline gb-headline-910b13fe\"><span class=\"gb-icon\"><svg viewBox=\"0 0 16 16\" class=\"bi bi-pencil-square\" fill=\"currentColor\" height=\"16\" width=\"16\" xmlns=\"http:\/\/www.w3.org\/2000\/svg\">   <path d=\"M15.502 1.94a.5.5 0 0 1 0 .706L14.459 3.69l-2-2L13.502.646a.5.5 0 0 1 .707 0l1.293 1.293zm-1.75 2.456-2-2L4.939 9.21a.5.5 0 0 0-.121.196l-.805 2.414a.25.25 0 0 0 .316.316l2.414-.805a.5.5 0 0 0 .196-.12l6.813-6.814z\"><\/path>   <path d=\"M1 13.5A1.5 1.5 0 0 0 2.5 15h11a1.5 1.5 0 0 0 1.5-1.5v-6a.5.5 0 0 0-1 0v6a.5.5 0 0 1-.5.5h-11a.5.5 0 0 1-.5-.5v-11a.5.5 0 0 1 .5-.5H9a.5.5 0 0 0 0-1H2.5A1.5 1.5 0 0 0 1 2.5v11z\" fill-rule=\"evenodd\"><\/path> <\/svg><\/span><span class=\"gb-headline-text\"><strong>Matr\u00edcula abierta<\/strong><\/span><\/h2>\n\n\n\n<h2 class=\"gb-headline gb-headline-7210f296 gb-headline-text\">Reserva tu plaza<\/h2>\n\n<\/div><\/div>\n<\/div><\/div>\n\n<div class=\"gb-container gb-container-73dc70c3\"><div class=\"gb-inside-container\">\n<div class=\"wpforms-container wpforms-container-full wpforms-block wpforms-block-2232998d-0e5b-4b3d-b791-cf00800832ac\" id=\"wpforms-29127\"><form id=\"wpforms-form-29127\" class=\"wpforms-validate wpforms-form\" data-formid=\"29127\" method=\"post\" enctype=\"multipart\/form-data\" action=\"\/cat\/wp-json\/wp\/v2\/programa\/4566\" data-token=\"57a1c94d9d51415f4841ebd1472df086\" data-token-time=\"1777507736\"><noscript class=\"wpforms-error-noscript\">Activeu el JavaScript al navegador per a poder completar el formulari.<\/noscript><div class=\"wpforms-field-container\"><div id=\"wpforms-29127-field_1-container\" class=\"wpforms-field wpforms-field-name\" data-field-type=\"name\" data-field-id=\"1\"><label class=\"wpforms-field-label\" for=\"wpforms-29127-field_1\">Nombre <span class=\"wpforms-required-label\">*<\/span><\/label><input type=\"text\" id=\"wpforms-29127-field_1\" class=\"wpforms-field-large wpforms-field-required\" name=\"wpforms[fields][1]\" required><\/div><div id=\"wpforms-29127-field_13-container\" class=\"wpforms-field wpforms-field-name\" data-field-type=\"name\" data-field-id=\"13\"><label class=\"wpforms-field-label\" for=\"wpforms-29127-field_13\">Apellidos <span class=\"wpforms-required-label\">*<\/span><\/label><input type=\"text\" id=\"wpforms-29127-field_13\" class=\"wpforms-field-large wpforms-field-required\" name=\"wpforms[fields][13]\" required><\/div><div id=\"wpforms-29127-field_2-container\" class=\"wpforms-field wpforms-field-phone\" data-field-type=\"phone\" data-field-id=\"2\"><label class=\"wpforms-field-label\" for=\"wpforms-29127-field_2\">Tel\u00e9fono <span class=\"wpforms-required-label\">*<\/span><\/label><input type=\"tel\" id=\"wpforms-29127-field_2\" class=\"wpforms-field-large wpforms-field-required\" data-rule-int-phone-field=\"true\" name=\"wpforms[fields][2]\" aria-label=\"Tel\u00e9fono\" required><\/div><div id=\"wpforms-29127-field_3-container\" class=\"wpforms-field wpforms-field-email wpforms-conditional-trigger\" data-field-type=\"email\" data-field-id=\"3\"><label class=\"wpforms-field-label\" for=\"wpforms-29127-field_3\">Correo electr\u00f3nico <span class=\"wpforms-required-label\">*<\/span><\/label><input type=\"email\" id=\"wpforms-29127-field_3\" class=\"wpforms-field-large wpforms-field-required\" name=\"wpforms[fields][3]\" spellcheck=\"false\" required><\/div><div id=\"wpforms-29127-field_4-container\" class=\"wpforms-field wpforms-field-select wpforms-field-select-style-classic\" data-field-type=\"select\" data-field-id=\"4\"><label class=\"wpforms-field-label\" for=\"wpforms-29127-field_4\">\u00bfQu\u00e9 estudios est\u00e1s cursando o has finalizado? <span class=\"wpforms-required-label\">*<\/span><\/label><select id=\"wpforms-29127-field_4\" class=\"wpforms-field-large wpforms-field-required\" name=\"wpforms[fields][4]\" required=\"required\"><option value=\"\" class=\"placeholder\" disabled  selected='selected'>Selecciona una opci\u00f3n<\/option><option value=\"Ciencias Jur\u00eddicas\"  class=\"choice-1 depth-1\"  >Ciencias Jur\u00eddicas<\/option><option value=\"Estudios Empresariales\"  class=\"choice-2 depth-1\"  >Estudios Empresariales<\/option><option value=\"Ciencias Sociales\"  class=\"choice-3 depth-1\"  >Ciencias Sociales<\/option><option value=\"Ciencias de la Salud\"  class=\"choice-5 depth-1\"  >Ciencias de la Salud<\/option><option value=\"Ciclo Formativo de Grado Superior\"  class=\"choice-4 depth-1\"  >Ciclo Formativo de Grado Superior<\/option><option value=\"Bachiller \/ COU\"  class=\"choice-6 depth-1\"  >Bachiller \/ COU<\/option><option value=\"Otros estudios\"  class=\"choice-7 depth-1\"  >Otros estudios<\/option><\/select><\/div><div id=\"wpforms-29127-field_5-container\" class=\"wpforms-field wpforms-field-select wpforms-field-select-style-classic\" data-field-type=\"select\" data-field-id=\"5\"><label class=\"wpforms-field-label\" for=\"wpforms-29127-field_5\">Actualmente&#8230; <span class=\"wpforms-required-label\">*<\/span><\/label><select id=\"wpforms-29127-field_5\" class=\"wpforms-field-large wpforms-field-required\" name=\"wpforms[fields][5]\" required=\"required\"><option value=\"\" class=\"placeholder\" disabled  selected='selected'>Selecciona una opci\u00f3n<\/option><option value=\"Estoy en b\u00fasqueda activa de empleo\"  class=\"choice-1 depth-1\"  >Estoy en b\u00fasqueda activa de empleo<\/option><option value=\"Estoy trabajando por cuenta propia\"  class=\"choice-2 depth-1\"  >Estoy trabajando por cuenta propia<\/option><option value=\"Estoy trabajando por cuenta ajena\"  class=\"choice-3 depth-1\"  >Estoy trabajando por cuenta ajena<\/option><option value=\"Estudiante\"  class=\"choice-5 depth-1\"  >Estudiante<\/option><option value=\"Ninguna de las anteriores\"  class=\"choice-4 depth-1\"  >Ninguna de las anteriores<\/option><\/select><\/div><div id=\"wpforms-29127-field_6-container\" class=\"wpforms-field wpforms-field-select wpforms-field-select-style-classic\" data-field-type=\"select\" data-field-id=\"6\"><label class=\"wpforms-field-label\" for=\"wpforms-29127-field_6\">\u00bfEn qu\u00e9 programa est\u00e1s interesado\/a? <span class=\"wpforms-required-label\">*<\/span><\/label><select id=\"wpforms-29127-field_6\" class=\"wpforms-field-large wpforms-field-required\" name=\"wpforms[fields][6]\" required=\"required\"><option value=\"\" class=\"placeholder\" disabled  selected='selected'>Selecciona una opci\u00f3n<\/option><option value=\"4566\"  class=\"choice-0 depth-1\"  >Curs universitari d\u2019especialitzaci\u00f3 en mediaci\u00f3 civil, mercantil i familiar<\/option><option value=\"4624\"  class=\"choice-1 depth-1\"  >Curso de Especializaci\u00f3n en Mediaci\u00f3n Civil, Mercantil y Familiar<\/option><option value=\"5399\"  class=\"choice-2 depth-1\"  >Especialidad en mediaci\u00f3n bancaria e hipotecaria<\/option><option value=\"5377\"  class=\"choice-3 depth-1\"  >Especialidad en mediaci\u00f3n civil<\/option><option value=\"5440\"  class=\"choice-4 depth-1\"  >Especialidad en mediaci\u00f3n comunitaria<\/option><option value=\"5413\"  class=\"choice-5 depth-1\"  >Especialidad en mediaci\u00f3n deportiva<\/option><option value=\"5195\"  class=\"choice-6 depth-1\"  >Especialidad en mediaci\u00f3n educativa<\/option><option value=\"5436\"  class=\"choice-7 depth-1\"  >Especialidad en mediaci\u00f3n en accidentes de tr\u00e1fico<\/option><option value=\"5166\"  class=\"choice-8 depth-1\"  >Especialidad en mediaci\u00f3n en comercio internacional<\/option><option value=\"5388\"  class=\"choice-9 depth-1\"  >Especialidad en mediaci\u00f3n en el \u00e1mbito de la edificaci\u00f3n y urbanismo<\/option><option value=\"5234\"  class=\"choice-10 depth-1\"  >Especialidad en Mediaci\u00f3n en materia de consumo<\/option><option value=\"5379\"  class=\"choice-11 depth-1\"  >Especialidad en mediaci\u00f3n familiar<\/option><option value=\"5371\"  class=\"choice-12 depth-1\"  >Especialidad en mediaci\u00f3n intercultural<\/option><option value=\"5375\"  class=\"choice-13 depth-1\"  >Especialidad en mediaci\u00f3n laboral<\/option><option value=\"5381\"  class=\"choice-14 depth-1\"  >Especialidad en mediaci\u00f3n mercantil<\/option><option value=\"5393\"  class=\"choice-15 depth-1\"  >Especialidad en mediaci\u00f3n penal y penitenciaria<\/option><option value=\"5423\"  class=\"choice-16 depth-1\"  >Especialidad en mediaci\u00f3n por medios electr\u00f3nicos (ODR)<\/option><option value=\"5384\"  class=\"choice-17 depth-1\"  >Especialidad en mediaci\u00f3n sanitaria<\/option><option value=\"26400\"  class=\"choice-18 depth-1\"  >Experto en coordinaci\u00f3n de parentalidad<\/option><option value=\"5141\"  class=\"choice-19 depth-1\"  >Experto en mediaci\u00f3n civil, mercantil y familiar<\/option><option value=\"4555\"  class=\"choice-20 depth-1\"  >M\u00e1ster en Mediaci\u00f3n y Gesti\u00f3n de Conflictos Multidisciplinares<\/option><option value=\"33346\"  class=\"choice-21 depth-1\"  >Posgrado en intervenci\u00f3n con menores<\/option><\/select><\/div><div id=\"wpforms-29127-field_14-container\" class=\"wpforms-field wpforms-field-select wpforms-conditional-field wpforms-conditional-show wpforms-field-select-style-classic\" data-field-type=\"select\" data-field-id=\"14\" style=\"display:none;\"><label class=\"wpforms-field-label\" for=\"wpforms-29127-field_14\">Solicito informaci\u00f3n al departamento de admisiones sobre: <span class=\"wpforms-required-label\">*<\/span><\/label><select id=\"wpforms-29127-field_14\" class=\"wpforms-field-large wpforms-field-required\" name=\"wpforms[fields][14]\" required=\"required\"><option value=\"\" class=\"placeholder\" disabled  selected='selected'>Selecciona una opci\u00f3n<\/option><option value=\"Contenido, metodolog\u00eda, evaluaci\u00f3n y duraci\u00f3n\"  class=\"choice-1 depth-1\"  >Contenido, metodolog\u00eda, evaluaci\u00f3n y duraci\u00f3n<\/option><option value=\"Especialidades de mediaci\u00f3n a las que puedo optar\"  class=\"choice-2 depth-1\"  >Especialidades de mediaci\u00f3n a las que puedo optar<\/option><option value=\"Precios mensuales, becas y formas de pago\"  class=\"choice-3 depth-1\"  >Precios mensuales, becas y formas de pago<\/option><option value=\"Salidas profesionales\"  class=\"choice-4 depth-1\"  >Salidas profesionales<\/option><\/select><\/div><div id=\"wpforms-29127-field_7-container\" class=\"wpforms-field wpforms-field-select wpforms-conditional-field wpforms-conditional-show wpforms-field-select-style-classic\" data-field-type=\"select\" data-field-id=\"7\" style=\"display:none;\"><label class=\"wpforms-field-label\" for=\"wpforms-29127-field_7\">\u00bfComunidad Aut\u00f3noma a la que perteneces? <span class=\"wpforms-required-label\">*<\/span><\/label><select id=\"wpforms-29127-field_7\" class=\"wpforms-field-large wpforms-field-required\" name=\"wpforms[fields][7]\" required=\"required\"><option value=\"\" class=\"placeholder\" disabled  selected='selected'>Selecciona una opci\u00f3n<\/option><option value=\"Andaluc\u00eda\"  class=\"choice-1 depth-1\"  >Andaluc\u00eda<\/option><option value=\"Arag\u00f3n\"  class=\"choice-2 depth-1\"  >Arag\u00f3n<\/option><option value=\"Asturias\"  class=\"choice-3 depth-1\"  >Asturias<\/option><option value=\"Islas Baleares\"  class=\"choice-9 depth-1\"  >Islas Baleares<\/option><option value=\"Islas Canarias\"  class=\"choice-8 depth-1\"  >Islas Canarias<\/option><option value=\"Cantabria\"  class=\"choice-7 depth-1\"  >Cantabria<\/option><option value=\"Castillas y Le\u00f3n\"  class=\"choice-6 depth-1\"  >Castillas y Le\u00f3n<\/option><option value=\"Castilla-La Mancha\"  class=\"choice-5 depth-1\"  >Castilla-La Mancha<\/option><option value=\"Catalu\u00f1a\"  class=\"choice-4 depth-1\"  >Catalu\u00f1a<\/option><option value=\"Comunidad Valenciana\"  class=\"choice-17 depth-1\"  >Comunidad Valenciana<\/option><option value=\"Extremadura\"  class=\"choice-16 depth-1\"  >Extremadura<\/option><option value=\"Galicia\"  class=\"choice-15 depth-1\"  >Galicia<\/option><option value=\"Madrid\"  class=\"choice-14 depth-1\"  >Madrid<\/option><option value=\"Murcia\"  class=\"choice-13 depth-1\"  >Murcia<\/option><option value=\"La Rioja\"  class=\"choice-12 depth-1\"  >La Rioja<\/option><option value=\"Navarra\"  class=\"choice-11 depth-1\"  >Navarra<\/option><option value=\"Pa\u00eds Vasco\"  class=\"choice-10 depth-1\"  >Pa\u00eds Vasco<\/option><option value=\"Ceuta\"  class=\"choice-20 depth-1\"  >Ceuta<\/option><option value=\"Melilla\"  class=\"choice-19 depth-1\"  >Melilla<\/option><option value=\"Resido fuera de Espa\u00f1a\"  class=\"choice-18 depth-1\"  >Resido fuera de Espa\u00f1a<\/option><\/select><\/div><div id=\"wpforms-29127-field_19-container\" class=\"wpforms-field wpforms-field-text wpforms-conditional-field wpforms-conditional-show\" data-field-type=\"text\" data-field-id=\"19\" style=\"display:none;\"><label class=\"wpforms-field-label\" for=\"wpforms-29127-field_19\">C\u00f3digo Postal (CP) <span class=\"wpforms-required-label\">*<\/span><\/label><input type=\"text\" id=\"wpforms-29127-field_19\" class=\"wpforms-field-large wpforms-field-required\" name=\"wpforms[fields][19]\" required><\/div><div id=\"wpforms-29127-field_8-container\" class=\"wpforms-field wpforms-field-checkbox\" data-field-type=\"checkbox\" data-field-id=\"8\"><label class=\"wpforms-field-label wpforms-label-hide\">Casillas de verificaci\u00f3n <span class=\"wpforms-required-label\">*<\/span><\/label><ul id=\"wpforms-29127-field_8\" class=\"wpforms-field-required\"><li class=\"choice-3 depth-1\"><input type=\"checkbox\" id=\"wpforms-29127-field_8_3\" name=\"wpforms[fields][8][]\" value=\"Doy mi consentimiento expreso y acepto la &lt;a href=&quot;https:\/\/eimediacion.edu.es\/politica-privacidad\/&quot; style=&quot;color:#8f2d3a&quot; target=&quot;_blank&quot;&gt;pol\u00edtica de privacidad&lt;\/a&gt;.\" required ><label class=\"wpforms-field-label-inline\" for=\"wpforms-29127-field_8_3\">Doy mi consentimiento expreso y acepto la <a href=\"https:\/\/eimediacion.edu.es\/politica-privacidad\/\" style=\"color:#8f2d3a\" target=\"_blank\">pol\u00edtica de privacidad<\/a>.<\/label><\/li><\/ul><\/div><div id=\"wpforms-29127-field_9-container\" class=\"wpforms-field wpforms-field-hidden\" data-field-type=\"hidden\" data-field-id=\"9\"><input type=\"hidden\" id=\"wpforms-29127-field_9\" name=\"wpforms[fields][9]\" value=\"https:\/\/eimediacion.edu.es\/cat\/wp-json\/wp\/v2\/programa\/4566\"><\/div><div id=\"wpforms-29127-field_10-container\" class=\"wpforms-field wpforms-field-hidden ck_campaign\" data-field-type=\"hidden\" data-field-id=\"10\"><input type=\"hidden\" id=\"wpforms-29127-field_10\" name=\"wpforms[fields][10]\"><\/div><div id=\"wpforms-29127-field_11-container\" class=\"wpforms-field wpforms-field-hidden ck_source\" data-field-type=\"hidden\" data-field-id=\"11\"><input type=\"hidden\" id=\"wpforms-29127-field_11\" name=\"wpforms[fields][11]\"><\/div><div id=\"wpforms-29127-field_12-container\" class=\"wpforms-field wpforms-field-hidden ck_medium\" data-field-type=\"hidden\" data-field-id=\"12\"><input type=\"hidden\" id=\"wpforms-29127-field_12\" name=\"wpforms[fields][12]\"><\/div><div id=\"wpforms-29127-field_15-container\" class=\"wpforms-field wpforms-field-hidden\" data-field-type=\"hidden\" data-field-id=\"15\"><input type=\"hidden\" id=\"wpforms-29127-field_15\" name=\"wpforms[fields][15]\"><\/div><div id=\"wpforms-29127-field_16-container\" class=\"wpforms-field wpforms-field-hidden\" data-field-type=\"hidden\" data-field-id=\"16\"><input type=\"hidden\" id=\"wpforms-29127-field_16\" name=\"wpforms[fields][16]\"><\/div><div id=\"wpforms-29127-field_17-container\" class=\"wpforms-field wpforms-field-hidden\" data-field-type=\"hidden\" data-field-id=\"17\"><input type=\"hidden\" id=\"wpforms-29127-field_17\" name=\"wpforms[fields][17]\"><\/div><div id=\"wpforms-29127-field_18-container\" class=\"wpforms-field wpforms-field-hidden\" data-field-type=\"hidden\" data-field-id=\"18\"><input type=\"hidden\" id=\"wpforms-29127-field_18\" name=\"wpforms[fields][18]\"><\/div><\/div><!-- .wpforms-field-container --><div class=\"wpforms-submit-container\" ><input type=\"hidden\" name=\"wpforms[id]\" value=\"29127\"><input type=\"hidden\" name=\"page_title\" value=\"\"><input type=\"hidden\" name=\"page_url\" value=\"https:\/\/eimediacion.edu.es\/cat\/wp-json\/wp\/v2\/programa\/4566\"><input type=\"hidden\" name=\"url_referer\" value=\"\"><button type=\"submit\" name=\"wpforms[submit]\" id=\"wpforms-submit-29127\" class=\"wpforms-submit\" data-alt-text=\"Enviando...\" data-submit-text=\"Quiero informarme sin compromiso\" aria-live=\"assertive\" value=\"wpforms-submit\">Quiero informarme sin compromiso<\/button><\/div><\/form><\/div>  <!-- .wpforms-container -->\n<\/div><\/div>\n<\/div><\/div><\/div>\n<\/div>\n<\/div><\/div>\n\n\n<p><\/p>\n\n\n\n<p><\/p>\n","protected":false},"excerpt":{"rendered":"","protected":false},"featured_media":0,"parent":0,"menu_order":0,"template":"","area_programa":[],"class_list":["post-4566","programa","type-programa","status-publish","hentry"],"_links":{"self":[{"href":"https:\/\/eimediacion.edu.es\/cat\/wp-json\/wp\/v2\/programa\/4566","targetHints":{"allow":["GET"]}}],"collection":[{"href":"https:\/\/eimediacion.edu.es\/cat\/wp-json\/wp\/v2\/programa"}],"about":[{"href":"https:\/\/eimediacion.edu.es\/cat\/wp-json\/wp\/v2\/types\/programa"}],"version-history":[{"count":10,"href":"https:\/\/eimediacion.edu.es\/cat\/wp-json\/wp\/v2\/programa\/4566\/revisions"}],"predecessor-version":[{"id":46370,"href":"https:\/\/eimediacion.edu.es\/cat\/wp-json\/wp\/v2\/programa\/4566\/revisions\/46370"}],"wp:attachment":[{"href":"https:\/\/eimediacion.edu.es\/cat\/wp-json\/wp\/v2\/media?parent=4566"}],"wp:term":[{"taxonomy":"area_programa","embeddable":true,"href":"https:\/\/eimediacion.edu.es\/cat\/wp-json\/wp\/v2\/area_programa?post=4566"}],"curies":[{"name":"wp","href":"https:\/\/api.w.org\/{rel}","templated":true}]}}