{"id":41280,"date":"2023-09-13T18:07:12","date_gmt":"2023-09-13T16:07:12","guid":{"rendered":"https:\/\/eimediacion.edu.es\/?page_id=41280"},"modified":"2024-04-01T15:52:07","modified_gmt":"2024-04-01T13:52:07","slug":"eventos-pasados","status":"publish","type":"page","link":"https:\/\/eimediacion.edu.es\/cat\/eventos-pasados\/","title":{"rendered":"Esdeveniments passats"},"content":{"rendered":"<p><br \/>\n<div class=\"search-filter-results\" id=\"search-filter-results-41285\"><div class=\"wrap-eventos-loop\"><div class=\"item-eventos e\"><div class=\"first-block\"><div class=\"imagen-fecha\"><div class=\"imagen-evento\"><a href=\"https:\/\/eimediacion.edu.es\/cat\/eventos\/celebramos-el-dia-europeo-de-la-mediacion\/\" rel=\"bookmark\" title=\"Celebramos el d\u00eda europeo de la mediaci\u00f3n\"><img loading=\"lazy\" decoding=\"async\" width=\"175\" height=\"117\" src=\"https:\/\/eimediacion.edu.es\/wp-content\/uploads\/2023\/02\/mediacion-familiar-2.jpg\" class=\"attachment-miniatura_evento_pq size-miniatura_evento_pq wp-post-image\" alt=\"Mediacion Familiar (2)\" srcset=\"https:\/\/eimediacion.edu.es\/wp-content\/uploads\/2023\/02\/mediacion-familiar-2.jpg 1847w, https:\/\/eimediacion.edu.es\/wp-content\/uploads\/2023\/02\/mediacion-familiar-2-261x174.jpg 261w, https:\/\/eimediacion.edu.es\/wp-content\/uploads\/2023\/02\/mediacion-familiar-2-1024x684.jpg 1024w, https:\/\/eimediacion.edu.es\/wp-content\/uploads\/2023\/02\/mediacion-familiar-2-768x513.jpg 768w, https:\/\/eimediacion.edu.es\/wp-content\/uploads\/2023\/02\/mediacion-familiar-2-1536x1025.jpg 1536w, https:\/\/eimediacion.edu.es\/wp-content\/uploads\/2023\/02\/mediacion-familiar-2-1200x800.jpg 1200w\" sizes=\"auto, (max-width: 175px) 100vw, 175px\" title=\"\"><\/a><\/div><div class=\"fecha-evento\"><div class=\"dia-evento\">23<\/div><div class=\"mes-evento\">ene 2024<\/div><div class=\"hora-evento\">17:00h<\/div><\/div><\/div><div class=\"descripcion-evento\"><p class=\"webinar\">Webinar Mediaci\u00f3n<\/p><h2 class=\"entry-title\"><a href=\"https:\/\/eimediacion.edu.es\/cat\/eventos\/celebramos-el-dia-europeo-de-la-mediacion\/\" rel=\"bookmark\" title=\"Celebramos el d\u00eda europeo de la mediaci\u00f3n\">Celebramos el d\u00eda europeo de la mediaci\u00f3n<\/a><\/h2><\/div><\/div><div class=\"second-block\"><div class=\"boton-evento\"><button class=\"button informacion\"><a href=\"https:\/\/eimediacion.edu.es\/cat\/eventos\/celebramos-el-dia-europeo-de-la-mediacion\/\" rel=\"bookmark\" title=\"Celebramos el d\u00eda europeo de la mediaci\u00f3n\">+ informaci\u00f3n<\/a><\/button><\/div><\/div><\/div><div class=\"item-eventos e\"><div class=\"first-block\"><div class=\"imagen-fecha\"><div class=\"imagen-evento\"><a href=\"https:\/\/eimediacion.edu.es\/cat\/eventos\/como-construir-desde-0-tu-carrera-en-mediacion-consejos-y-salidas-profesionales\/\" rel=\"bookmark\" title=\"C\u00f3mo construir desde 0 tu carrera en mediaci\u00f3n: Consejos y Salidas Profesionales\"><img loading=\"lazy\" decoding=\"async\" width=\"192\" height=\"117\" src=\"https:\/\/eimediacion.edu.es\/wp-content\/uploads\/2023\/09\/cliente-satisfecho-sonriente-apreton-manos-mujer-joven-que-hace-trato-oficina-192x117.jpg\" class=\"attachment-miniatura_evento_pq size-miniatura_evento_pq wp-post-image\" alt=\"mediacion laboral\" srcset=\"https:\/\/eimediacion.edu.es\/wp-content\/uploads\/2023\/09\/cliente-satisfecho-sonriente-apreton-manos-mujer-joven-que-hace-trato-oficina-192x117.jpg 192w, https:\/\/eimediacion.edu.es\/wp-content\/uploads\/2023\/09\/cliente-satisfecho-sonriente-apreton-manos-mujer-joven-que-hace-trato-oficina-293x178.jpg 293w\" sizes=\"auto, (max-width: 192px) 100vw, 192px\" title=\"\"><\/a><\/div><div class=\"fecha-evento\"><div class=\"dia-evento\">18<\/div><div class=\"mes-evento\">oct 2023<\/div><div class=\"hora-evento\">17:00h<\/div><\/div><\/div><div class=\"descripcion-evento\"><p class=\"webinar\">Webinar Mediaci\u00f3n<\/p><h2 class=\"entry-title\"><a href=\"https:\/\/eimediacion.edu.es\/cat\/eventos\/como-construir-desde-0-tu-carrera-en-mediacion-consejos-y-salidas-profesionales\/\" rel=\"bookmark\" title=\"C\u00f3mo construir desde 0 tu carrera en mediaci\u00f3n: Consejos y Salidas Profesionales\">C\u00f3mo construir desde 0 tu carrera en mediaci\u00f3n: Consejos y Salidas Profesionales<\/a><\/h2><\/div><\/div><div class=\"second-block\"><div class=\"boton-evento\"><button class=\"button informacion\"><a href=\"https:\/\/eimediacion.edu.es\/cat\/eventos\/como-construir-desde-0-tu-carrera-en-mediacion-consejos-y-salidas-profesionales\/\" rel=\"bookmark\" title=\"C\u00f3mo construir desde 0 tu carrera en mediaci\u00f3n: Consejos y Salidas Profesionales\">+ informaci\u00f3n<\/a><\/button><\/div><\/div><\/div><div class=\"item-eventos e\"><div class=\"first-block\"><div class=\"imagen-fecha\"><div class=\"imagen-evento\"><a href=\"https:\/\/eimediacion.edu.es\/cat\/eventos\/quieres-trabajar-en-intervencion-con-menores-tips-para-la-busqueda-de-empleo\/\" rel=\"bookmark\" title=\"\u00bfQuieres trabajar en intervenci\u00f3n con menores? Tips para la b\u00fasqueda de empleo.\"><img loading=\"lazy\" decoding=\"async\" width=\"176\" height=\"117\" src=\"https:\/\/eimediacion.edu.es\/wp-content\/uploads\/2023\/05\/curso-para-profesionales-intervencion-con-menores-banner.jpg\" class=\"attachment-miniatura_evento_pq size-miniatura_evento_pq wp-post-image\" alt=\"Curso Para Profesionales Intervencion Con Menores Banner\" srcset=\"https:\/\/eimediacion.edu.es\/wp-content\/uploads\/2023\/05\/curso-para-profesionales-intervencion-con-menores-banner.jpg 2000w, https:\/\/eimediacion.edu.es\/wp-content\/uploads\/2023\/05\/curso-para-profesionales-intervencion-con-menores-banner-261x174.jpg 261w, https:\/\/eimediacion.edu.es\/wp-content\/uploads\/2023\/05\/curso-para-profesionales-intervencion-con-menores-banner-1024x682.jpg 1024w, https:\/\/eimediacion.edu.es\/wp-content\/uploads\/2023\/05\/curso-para-profesionales-intervencion-con-menores-banner-768x512.jpg 768w, https:\/\/eimediacion.edu.es\/wp-content\/uploads\/2023\/05\/curso-para-profesionales-intervencion-con-menores-banner-1536x1024.jpg 1536w, https:\/\/eimediacion.edu.es\/wp-content\/uploads\/2023\/05\/curso-para-profesionales-intervencion-con-menores-banner-1200x800.jpg 1200w\" sizes=\"auto, (max-width: 176px) 100vw, 176px\" title=\"\"><\/a><\/div><div class=\"fecha-evento\"><div class=\"dia-evento\">10<\/div><div class=\"mes-evento\">oct 2023<\/div><div class=\"hora-evento\">19:00h<\/div><\/div><\/div><div class=\"descripcion-evento\"><p class=\"webinar\">Webinar Intervenci\u00f3n con menores<\/p><h2 class=\"entry-title\"><a href=\"https:\/\/eimediacion.edu.es\/cat\/eventos\/quieres-trabajar-en-intervencion-con-menores-tips-para-la-busqueda-de-empleo\/\" rel=\"bookmark\" title=\"\u00bfQuieres trabajar en intervenci\u00f3n con menores? Tips para la b\u00fasqueda de empleo.\">\u00bfQuieres trabajar en intervenci\u00f3n con menores? Tips para la b\u00fasqueda de empleo.<\/a><\/h2><\/div><\/div><div class=\"second-block\"><div class=\"boton-evento\"><button class=\"button informacion\"><a href=\"https:\/\/eimediacion.edu.es\/cat\/eventos\/quieres-trabajar-en-intervencion-con-menores-tips-para-la-busqueda-de-empleo\/\" rel=\"bookmark\" title=\"\u00bfQuieres trabajar en intervenci\u00f3n con menores? Tips para la b\u00fasqueda de empleo.\">+ informaci\u00f3n<\/a><\/button><\/div><\/div><\/div><div class=\"item-eventos e\"><div class=\"first-block\"><div class=\"imagen-fecha\"><div class=\"imagen-evento\"><a href=\"https:\/\/eimediacion.edu.es\/cat\/eventos\/del-conocimiento-basico-a-la-especializacion-en-mediacion\/\" rel=\"bookmark\" title=\"Del conocimiento b\u00e1sico a la especializaci\u00f3n en Mediaci\u00f3n\"><img loading=\"lazy\" decoding=\"async\" width=\"192\" height=\"117\" src=\"https:\/\/eimediacion.edu.es\/wp-content\/uploads\/2023\/10\/grupo-personas-creativas-analizando-resultado-trabajo-192x117.jpg\" class=\"attachment-miniatura_evento_pq size-miniatura_evento_pq wp-post-image\" alt=\"Grupo Personas Creativas Analizando Resultado Trabajo\" srcset=\"https:\/\/eimediacion.edu.es\/wp-content\/uploads\/2023\/10\/grupo-personas-creativas-analizando-resultado-trabajo-192x117.jpg 192w, https:\/\/eimediacion.edu.es\/wp-content\/uploads\/2023\/10\/grupo-personas-creativas-analizando-resultado-trabajo-293x178.jpg 293w\" sizes=\"auto, (max-width: 192px) 100vw, 192px\" title=\"\"><\/a><\/div><div class=\"fecha-evento\"><div class=\"dia-evento\">21<\/div><div class=\"mes-evento\">sep 2023<\/div><div class=\"hora-evento\">18:00h<\/div><\/div><\/div><div class=\"descripcion-evento\"><p class=\"webinar\">Webinar Mediaci\u00f3n<\/p><h2 class=\"entry-title\"><a href=\"https:\/\/eimediacion.edu.es\/cat\/eventos\/del-conocimiento-basico-a-la-especializacion-en-mediacion\/\" rel=\"bookmark\" title=\"Del conocimiento b\u00e1sico a la especializaci\u00f3n en Mediaci\u00f3n\">Del conocimiento b\u00e1sico a la especializaci\u00f3n en Mediaci\u00f3n<\/a><\/h2><\/div><\/div><div class=\"second-block\"><div class=\"boton-evento\"><button class=\"button informacion\"><a href=\"https:\/\/eimediacion.edu.es\/cat\/eventos\/del-conocimiento-basico-a-la-especializacion-en-mediacion\/\" rel=\"bookmark\" title=\"Del conocimiento b\u00e1sico a la especializaci\u00f3n en Mediaci\u00f3n\">+ informaci\u00f3n<\/a><\/button><\/div><\/div><\/div><\/div><div class=\"pagination\">\n        \n        <div>\n                <div class=\"nav-previous\" style=\"background-color: #0e1e3d;padding: 10px;border-radius: 10px;\"><a href=\"https:\/\/eimediacion.edu.es\/eventos-pasados\/?sf_paged=2\" >Siguiente<\/a><\/div>\n                <\/div>\n        <div>\n                <\/div>\n    <\/div>\n<!-- Banner consultar eventos pasados\n    <div class=\"past_events\">\n        <a href='echo site_url().\"\/eventos\"?>'><img decoding=\"async\" src=\"https:\/\/eiposgrados.com\/wp-content\/uploads\/2022\/12\/consultar-1.jpg\" alt=\"\" title=\"\"><\/a>\n    <\/div>\n --> \n    <style>\n .pagination a {\n    color: #f1c435;\n    font-size: 20px;\n    font-weight: 700;\n}\n.pagination a:hover {\n    color: #f1c430;\n}\n\n.past_events{\n    margin: 2rem 0;\n\n}\n\n    <\/style><\/div><\/p>\n\n\n<div id=\"wpblock-mostrarcalendario-mb-block-4bd001fb-7399-4934-9a79-8eed5cd3de1d\" class=\"wpblock-mostrarcalendario \">\n\t\t\t<script>\n\t\t\tdocument.addEventListener('DOMContentLoaded', function() {\n\t\t\tvar calendarEl = document.getElementById('calendar');\n\n\t\t\tvar calendar = new FullCalendar.Calendar(calendarEl, {\n\t\t\t\tinitialDate: '2026-04-28',\n\t\t\t\tlocale: 'es',\n\t\t\t\teditable: true,\n\t\t\t\tfirstDay: 1,\n\t\t\t\tselectable: true,\n\t\t\t\tbusinessHours: true,\n\t\t\t\tselectable: true,\n\t\t\t\tdayMaxEvents: true,\n\t\t\t\tevents: [{\"title\":\"El impacto de la Mediaci\\u00f3n Familiar y la Coordinaci\\u00f3n Parental en Espa\\u00f1a\",\"start\":\"2023-09-01\",\"url\":\"https:\\\/\\\/eimediacion.edu.es\\\/cat\\\/eventos\\\/el-impacto-de-la-mediacion-familiar-y-la-coordinacion-parental-en-espana\\\/\"},{\"title\":\"Mediaci\\u00f3n intercultural. Una profesi\\u00f3n en auge\",\"start\":\"2023-05-24\",\"url\":\"https:\\\/\\\/eimediacion.edu.es\\\/cat\\\/eventos\\\/mediacion-intercultural-una-profesion-en-auge\\\/\"},{\"title\":\"Mediaci\\u00f3n laboral. La herramienta m\\u00e1s eficaz para la gesti\\u00f3n de conflictos en la empresa.\",\"start\":\"2023-03-31\",\"url\":\"https:\\\/\\\/eimediacion.edu.es\\\/cat\\\/eventos\\\/mediacion-laboral-la-herramienta-mas-eficaz-para-la-gestion-de-conflictos-en-la-empresa\\\/\"},{\"title\":\"\\u00bfQuieres trabajar en intervenci\\u00f3n con menores? Tips para la b\\u00fasqueda de empleo.\",\"start\":\"2023-10-10\",\"url\":\"https:\\\/\\\/eimediacion.edu.es\\\/cat\\\/eventos\\\/quieres-trabajar-en-intervencion-con-menores-tips-para-la-busqueda-de-empleo\\\/\"},{\"title\":\"C\\u00f3mo construir desde 0 tu carrera en mediaci\\u00f3n: Consejos y Salidas Profesionales\",\"start\":\"2023-10-18\",\"url\":\"https:\\\/\\\/eimediacion.edu.es\\\/cat\\\/eventos\\\/como-construir-desde-0-tu-carrera-en-mediacion-consejos-y-salidas-profesionales\\\/\"},{\"title\":\"Del conocimiento b\\u00e1sico a la especializaci\\u00f3n en Mediaci\\u00f3n\",\"start\":\"2023-09-21\",\"url\":\"https:\\\/\\\/eimediacion.edu.es\\\/cat\\\/eventos\\\/del-conocimiento-basico-a-la-especializacion-en-mediacion\\\/\"},{\"title\":\"Celebramos el d\\u00eda europeo de la mediaci\\u00f3n\",\"start\":\"2024-01-23\",\"url\":\"https:\\\/\\\/eimediacion.edu.es\\\/cat\\\/eventos\\\/celebramos-el-dia-europeo-de-la-mediacion\\\/\"}]\t\t\t});\n\t\t\tcalendar.render();\n\t\t\t});\n\t\t<\/script>\n\t\t<div id='calendar'><\/div>\n\t\t<\/div>\n\n\n\n<script src=\"https:\/\/cdn.jsdelivr.net\/npm\/fullcalendar@5.2.0\/main.min.js\"><\/script>\r\n<div id='calendar'><\/div>\n\n\n\n<style>\r\nbody {\r\n    background-color: #f7f8f9!important;\r\n}\r\n\r\n.search-filter-results {\r\n    display: initial;\r\n   padding:15px;\r\n}\r\n\r\n.page .site-content {\r\n    background-color: #f7f8f9;\r\n}\r\n\r\np {\r\n    margin-bottom: 0;\r\n}\r\n\r\n.pagination a {\r\n    color: #ffffff;\r\n    font-size: 16px;\r\n    font-weight: 700;\r\n}\r\n\r\n.wpblock-metaevento .container .date p {\r\n    font-size: 16px;\r\n    font-weight: 600;\r\n}\r\n\r\n@media only screen and (max-width: 700px) {\r\n.site-content{\r\nmargin-top:10px!important;\r\npadding-top:10px!important;\r\n}\r\n\r\n}\r\n\r\n.separate-containers .inside-article, .separate-containers .comments-area, .separate-containers .page-header, .separate-containers .paging-navigation, .one-container .site-content, .inside-page-header {\r\n    padding: 10px 30px 20px 30px;\r\n}\r\n\r\n.fc .fc-view-harness {\r\n    flex-grow: 1;\r\n    position: relative;\r\n    background-color: #fdfdfd;\r\n}\r\n<\/style>\n\n\n\n<div style=\"height:25px\" aria-hidden=\"true\" class=\"wp-block-spacer\"><\/div>\n","protected":false},"excerpt":{"rendered":"","protected":false},"author":48,"featured_media":0,"parent":0,"menu_order":0,"comment_status":"closed","ping_status":"closed","template":"","meta":{"inline_featured_image":false,"footnotes":""},"class_list":["post-41280","page","type-page","status-publish","hentry"],"_links":{"self":[{"href":"https:\/\/eimediacion.edu.es\/cat\/wp-json\/wp\/v2\/pages\/41280","targetHints":{"allow":["GET"]}}],"collection":[{"href":"https:\/\/eimediacion.edu.es\/cat\/wp-json\/wp\/v2\/pages"}],"about":[{"href":"https:\/\/eimediacion.edu.es\/cat\/wp-json\/wp\/v2\/types\/page"}],"author":[{"embeddable":true,"href":"https:\/\/eimediacion.edu.es\/cat\/wp-json\/wp\/v2\/users\/48"}],"replies":[{"embeddable":true,"href":"https:\/\/eimediacion.edu.es\/cat\/wp-json\/wp\/v2\/comments?post=41280"}],"version-history":[{"count":1,"href":"https:\/\/eimediacion.edu.es\/cat\/wp-json\/wp\/v2\/pages\/41280\/revisions"}],"predecessor-version":[{"id":42997,"href":"https:\/\/eimediacion.edu.es\/cat\/wp-json\/wp\/v2\/pages\/41280\/revisions\/42997"}],"wp:attachment":[{"href":"https:\/\/eimediacion.edu.es\/cat\/wp-json\/wp\/v2\/media?parent=41280"}],"curies":[{"name":"wp","href":"https:\/\/api.w.org\/{rel}","templated":true}]}}